{"id":1955,"date":"2020-01-05T20:36:39","date_gmt":"2020-01-05T20:36:39","guid":{"rendered":"https:\/\/joukkosieessa.fi\/?page_id=1955"},"modified":"2020-09-21T08:42:44","modified_gmt":"2020-09-21T08:42:44","slug":"huhti-toukokuu-1942","status":"publish","type":"page","link":"https:\/\/joukkosieessa.fi\/index.php\/sodan-aika\/jatkosota\/asemasota\/huhti-toukokuu-1942\/","title":{"rendered":"Huhti-, toukokuu 1942"},"content":{"rendered":"<div id='full_slider_1'  class='avia-fullwidth-slider main_color avia-shadow   avia-builder-el-0  el_before_av_one_full  avia-builder-el-first   container_wrap sidebar_right'  >\n<style type=\"text\/css\" data-created_by=\"avia_inline_auto\" id=\"style-css-av-akhp-b6f614b8154ad80be0284d699659eb53\">\n#top .avia-slideshow .av-slideshow-caption.av-akhp-b6f614b8154ad80be0284d699659eb53__0 .avia-caption-content{\nfont-size:14px;\n}\n#top .avia-slideshow .av-slideshow-caption.av-akhp-b6f614b8154ad80be0284d699659eb53__0 .avia-caption-content p{\nfont-size:14px;\n}\n<\/style>\n<div  class='avia-slideshow av-akhp-b6f614b8154ad80be0284d699659eb53 avia-slideshow-featured av_slideshow_full avia-slide-slider av-slideshow-ui av-control-default av-slideshow-manual av-loop-once av-loop-manual-endless av-default-height-applied   avia-slideshow-1' data-slideshow-options=\"{&quot;animation&quot;:&quot;slide&quot;,&quot;autoplay&quot;:false,&quot;loop_autoplay&quot;:&quot;once&quot;,&quot;interval&quot;:5,&quot;loop_manual&quot;:&quot;manual-endless&quot;,&quot;autoplay_stopper&quot;:false,&quot;noNavigation&quot;:false,&quot;bg_slider&quot;:false,&quot;keep_padding&quot;:false,&quot;hoverpause&quot;:false,&quot;show_slide_delay&quot;:0}\"  itemprop=\"image\" itemscope=\"itemscope\" itemtype=\"https:\/\/schema.org\/ImageObject\" ><ul class='avia-slideshow-inner ' style='padding-bottom: 28.666666666667%;'><li  class='avia-slideshow-slide av-akhp-b6f614b8154ad80be0284d699659eb53__0  av-single-slide slide-1 slide-odd'><div data-rel='slideshow-1' class='avia-slide-wrap '   ><div class='av-slideshow-caption av-akhp-b6f614b8154ad80be0284d699659eb53__0 caption_fullwidth caption_bottom caption_bottom_framed caption_framed'><div class=\"container caption_container\"><div class=\"slideshow_caption\"><div class=\"slideshow_inner_caption\"><div class=\"slideshow_align_caption\"><div class='avia-caption-content '  itemprop=\"description\" ><p>Kuvassa kenraalimajuri Viljasen, yleisesikuntaeverstiluutnantti Vihman (8.kadk) ja v\u00e4nrikki Forstedtsin kunniasaatto Karhum\u00e4en asemalle.<\/p>\n<\/div><\/div><\/div><\/div><\/div><\/div><img fetchpriority=\"high\" class=\"wp-image-3442 avia-img-lazy-loading-not-3442\"  src='https:\/\/joukkosieessa.fi\/wp-content\/uploads\/2020\/03\/Asemasota_Huhtikuu_1942-3-1500x430.jpg' width='1500' height='430' title='Asemasota_Huhtikuu_1942' alt=''  itemprop=\"thumbnailUrl\"   \/><\/div><\/li><\/ul><\/div><\/div><div id='after_full_slider_1'  class='main_color av_default_container_wrap container_wrap sidebar_right'  ><div class='container av-section-cont-open' ><div class='template-page content  av-content-small alpha units'><div class='post-entry post-entry-type-page post-entry-1955'><div class='entry-content-wrapper clearfix'>\n\n<style type=\"text\/css\" data-created_by=\"avia_inline_auto\" id=\"style-css-av-79f1-1280664b05e2eaf6fd9346541c87cb15\">\n.flex_column.av-79f1-1280664b05e2eaf6fd9346541c87cb15{\nborder-radius:0px 0px 0px 0px;\npadding:0px 0px 0px 0px;\n}\n<\/style>\n<div  class='flex_column av-79f1-1280664b05e2eaf6fd9346541c87cb15 av_one_full  avia-builder-el-1  el_after_av_slideshow_full  el_before_av_one_half  avia-builder-el-first  first flex_column_div av-zero-column-padding  '     ><style type=\"text\/css\" data-created_by=\"avia_inline_auto\" id=\"style-css-av-k51g9lz3-4017949b3f47e0e2b2ea43bbb176d7d2\">\n#top .av-special-heading.av-k51g9lz3-4017949b3f47e0e2b2ea43bbb176d7d2{\nmargin:0 0 -5px 0;\npadding-bottom:0;\n}\nbody .av-special-heading.av-k51g9lz3-4017949b3f47e0e2b2ea43bbb176d7d2 .av-special-heading-tag .heading-char{\nfont-size:25px;\n}\n.av-special-heading.av-k51g9lz3-4017949b3f47e0e2b2ea43bbb176d7d2 .av-subheading{\nfont-size:15px;\n}\n<\/style>\n<div  class='av-special-heading av-k51g9lz3-4017949b3f47e0e2b2ea43bbb176d7d2 av-special-heading-h1  avia-builder-el-2  avia-builder-el-no-sibling '><h1 class='av-special-heading-tag'  itemprop=\"headline\"  >Huhti-, toukokuu 1942<\/h1><div class=\"special-heading-border\"><div class=\"special-heading-inner-border\"><\/div><\/div><\/div><\/div>\n\n<style type=\"text\/css\" data-created_by=\"avia_inline_auto\" id=\"style-css-av-64sn77-2d170f865bcb14f6ca5926dfd0195c27\">\n.flex_column.av-64sn77-2d170f865bcb14f6ca5926dfd0195c27{\nborder-radius:0px 0px 0px 0px;\npadding:0px 0px 0px 0px;\n}\n<\/style>\n<div  class='flex_column av-64sn77-2d170f865bcb14f6ca5926dfd0195c27 av_one_half  avia-builder-el-3  el_after_av_one_full  el_before_av_one_full  first flex_column_div av-zero-column-padding  column-top-margin'     ><\/div>\n\n<style type=\"text\/css\" data-created_by=\"avia_inline_auto\" id=\"style-css-av-4k1r-3ed26eaf4f9e1fe5afee569a008105ec\">\n.flex_column.av-4k1r-3ed26eaf4f9e1fe5afee569a008105ec{\nborder-radius:0px 0px 0px 0px;\npadding:0px 0px 10px 10px;\n}\n<\/style>\n<div  class='flex_column av-4k1r-3ed26eaf4f9e1fe5afee569a008105ec av_one_full  avia-builder-el-4  el_after_av_one_half  el_before_av_one_half  first flex_column_div  column-top-margin'     ><p>\n<style type=\"text\/css\" data-created_by=\"avia_inline_auto\" id=\"style-css-av-3o2n-f8ecf9facd2b0c750a152e7b87905b4d\">\n#top .av_textblock_section.av-3o2n-f8ecf9facd2b0c750a152e7b87905b4d .avia_textblock{\nfont-size:15px;\n}\n<\/style>\n<section  class='av_textblock_section av-3o2n-f8ecf9facd2b0c750a152e7b87905b4d '   itemscope=\"itemscope\" itemtype=\"https:\/\/schema.org\/CreativeWork\" ><div class='avia_textblock'  itemprop=\"text\" ><p>Vihollinen hy\u00f6kk\u00e4\u00e4 vahvoin voimin Maasel\u00e4n kannaksella, jossa taisteluja k\u00e4yd\u00e4\u00e4n toista viikkoa.<\/p>\n<\/div><\/section><br \/>\n\n<style type=\"text\/css\" data-created_by=\"avia_inline_auto\" id=\"style-css-av-kfca7li2-b010f3811d04fc66dbdf9196e44dc765\">\n#top .av-special-heading.av-kfca7li2-b010f3811d04fc66dbdf9196e44dc765{\nmargin:0 0 10px 0;\npadding-bottom:10px;\n}\nbody .av-special-heading.av-kfca7li2-b010f3811d04fc66dbdf9196e44dc765 .av-special-heading-tag .heading-char{\nfont-size:25px;\n}\n.av-special-heading.av-kfca7li2-b010f3811d04fc66dbdf9196e44dc765 .av-subheading{\nfont-size:15px;\n}\n<\/style>\n<div  class='av-special-heading av-kfca7li2-b010f3811d04fc66dbdf9196e44dc765 av-special-heading-h2  avia-builder-el-6  el_after_av_textblock  el_before_av_textblock '><h2 class='av-special-heading-tag'  itemprop=\"headline\"  >MENEHTYNEET KADETTIUPSEERIT JA KADETIT<\/h2><div class=\"special-heading-border\"><div class=\"special-heading-inner-border\"><\/div><\/div><\/div><br \/>\n\n<style type=\"text\/css\" data-created_by=\"avia_inline_auto\" id=\"style-css-av-3o2n-f8ecf9facd2b0c750a152e7b87905b4d\">\n#top .av_textblock_section.av-3o2n-f8ecf9facd2b0c750a152e7b87905b4d .avia_textblock{\nfont-size:15px;\n}\n<\/style>\n<section  class='av_textblock_section av-3o2n-f8ecf9facd2b0c750a152e7b87905b4d '   itemscope=\"itemscope\" itemtype=\"https:\/\/schema.org\/CreativeWork\" ><div class='avia_textblock'  itemprop=\"text\" ><p><img loading=\"lazy\" decoding=\"async\" class=\" wp-image-2826 alignright\" src=\"https:\/\/joukkosieessa.fi\/wp-content\/uploads\/2020\/02\/rautaristi-197x300.jpg\" alt=\"\" width=\"123\" height=\"187\" srcset=\"https:\/\/joukkosieessa.fi\/wp-content\/uploads\/2020\/02\/rautaristi-197x300.jpg 197w, https:\/\/joukkosieessa.fi\/wp-content\/uploads\/2020\/02\/rautaristi-462x705.jpg 462w, https:\/\/joukkosieessa.fi\/wp-content\/uploads\/2020\/02\/rautaristi-450x686.jpg 450w, https:\/\/joukkosieessa.fi\/wp-content\/uploads\/2020\/02\/rautaristi.jpg 469w\" sizes=\"auto, (max-width: 123px) 100vw, 123px\" \/><\/p>\n<h4>313. Kadetti, reservin luutnantti Rafael Pajano, 25.kadk, 2109<\/h4>\n<ul>\n<li><strong>Komppanian p\u00e4\u00e4llikk\u00f6, 32.TykK (10.D\/KanR)<\/strong><\/li>\n<li><strong>Kaatui Pappilanniemi, Lempaala 7.4.1942<\/strong><\/li>\n<\/ul>\n<p>Asemasodan aikana k\u00e4ytiin Lempaalan lohkolla v\u00e4lill\u00e4 hyvinkin kiivaita taisteluita. Vihollinen hy\u00f6kk\u00e4si\u00a07.4.42 j\u00e4lleen kerran koko lohkon alueella, jolloin kadetti Pajano kaatui Pappilanniemess\u00e4 tykist\u00f6keskityksess\u00e4 useiden sirpaleiden osumista.<\/p>\n<hr \/>\n<p><img loading=\"lazy\" decoding=\"async\" class=\"wp-image-1772 alignright\" src=\"https:\/\/joukkosieessa.fi\/wp-content\/uploads\/2019\/07\/ainela_kauko-240x300.png\" alt=\"\" width=\"118\" height=\"148\" srcset=\"https:\/\/joukkosieessa.fi\/wp-content\/uploads\/2019\/07\/ainela_kauko-240x300.png 240w, https:\/\/joukkosieessa.fi\/wp-content\/uploads\/2019\/07\/ainela_kauko-768x961.png 768w, https:\/\/joukkosieessa.fi\/wp-content\/uploads\/2019\/07\/ainela_kauko-563x705.png 563w, https:\/\/joukkosieessa.fi\/wp-content\/uploads\/2019\/07\/ainela_kauko-450x563.png 450w, https:\/\/joukkosieessa.fi\/wp-content\/uploads\/2019\/07\/ainela_kauko.png 800w\" sizes=\"auto, (max-width: 118px) 100vw, 118px\" \/><\/p>\n<h4>314. Luutnantti Kauko Ainela, 22.kadk, 1593<\/h4>\n<ul>\n<li><strong>Komppanian p\u00e4\u00e4llikk\u00f6, 2.K\/ErOsP (VuorAK\/AOKL)<\/strong><\/li>\n<li><strong>Kaatui Lounavaara, Petsamo 8.4.1942<\/strong><\/li>\n<\/ul>\n<p>Erillinen Osasto P hy\u00f6kk\u00e4si 8.4.42 aamuy\u00f6st\u00e4 Lounavaaraan tuhotakseen siell\u00e4 olevat vihollisen leirit. Osaston 2. komppania sai kosketuksen viholliseen\u00a0kello 0530, jolloin hy\u00f6kk\u00e4ys pys\u00e4htyi vihollisen konekiv\u00e4\u00e4riasemien eteen. Pian t\u00e4m\u00e4n j\u00e4lkeen luutnantti Ainela haavoittui vaikeasti kuollen haavoihinsa matkalla joukkosidontapaikalle.<\/p>\n<hr \/>\n<p><img loading=\"lazy\" decoding=\"async\" class=\"wp-image-2100 alignright\" src=\"https:\/\/joukkosieessa.fi\/wp-content\/uploads\/2020\/01\/Nyholm_B%C3%B6rje-240x300.jpg\" alt=\"\" width=\"118\" height=\"148\" \/><\/p>\n<h4>315. Kadetti, reservin v\u00e4nrikki B\u00f6rje Nyholm, 25.kadk, 2103<\/h4>\n<ul>\n<li><strong>Joukkueen johtaja, 1.K\/I\/JR34 (17.D\/VI AK\/AunR)<\/strong><\/li>\n<li><strong>Kaatui Kuitusuo, Podporoze, Syv\u00e4ri 14.4.1942<\/strong><\/li>\n<\/ul>\n<p>Vihollinen aloitti 11.4.42 Syv\u00e4rill\u00e4 hy\u00f6kk\u00e4yksen laajalla rintamalla Lotinapellon ja Ostan v\u00e4lisell\u00e4 alueella. 17. Divisioonan lohkolla voimakkain hy\u00f6kk\u00e4ys\u00a0kohdistui Kuitusuon luoteispuoliseen maastoon ryhmitetyn Jalkav\u00e4kirykmentti 34:n I Pataljoonan asemiin. Vaikka vihollinen siirsi seuraavina p\u00e4ivin\u00e4 painopistett\u00e4\u00e4n idemm\u00e4s, taistelut pataljoonan alueella jatkuivat. Vihollisen onnistui 14.4. kello 1245 vallata kadetti Nyholmin komentama 1. komppanian tukikohta \u201dHonkakukkula\u201d, Nyholmin kaatuessa taistelun aikana.<\/p>\n<hr \/>\n<p><img loading=\"lazy\" decoding=\"async\" class=\"wp-image-2364 alignright\" src=\"https:\/\/joukkosieessa.fi\/wp-content\/uploads\/2020\/01\/Halonen-Vilho-060708-223x300.jpg\" alt=\"\" width=\"118\" height=\"159\" srcset=\"https:\/\/joukkosieessa.fi\/wp-content\/uploads\/2020\/01\/Halonen-Vilho-060708-223x300.jpg 223w, https:\/\/joukkosieessa.fi\/wp-content\/uploads\/2020\/01\/Halonen-Vilho-060708.jpg 307w\" sizes=\"auto, (max-width: 118px) 100vw, 118px\" \/><\/p>\n<h4>316. Majuri Vilho Halonen, 13.kadk, 805<\/h4>\n<ul>\n<li><strong>Taisteluosaston komentaja, TstOs Halonen (pataljoonan komentaja, LinnP14) (3.D\/III AK\/AOKL)<\/strong><\/li>\n<li><strong>Kuoli omassa miinoitteessa Enonsuu, Jyv\u00e4lahti, Uhtua 18.4.1942<\/strong><\/li>\n<\/ul>\n<p>Majuri Halonen, joka oli ottanut Linnoituspataljoona 14:n komentajuuden vasta kolme p\u00e4iv\u00e4\u00e4 aikaisemmin, hiihti Jyv\u00e4lahden Enonsuussa 18.4.42 kello\u00a01140 omaan miinoitteeseen kuollen heti.<\/p>\n<hr \/>\n<p><img loading=\"lazy\" decoding=\"async\" class=\"wp-image-3052 alignright\" src=\"https:\/\/joukkosieessa.fi\/wp-content\/uploads\/2020\/02\/Touri_Lars-221x300.jpg\" alt=\"\" width=\"111\" height=\"151\" srcset=\"https:\/\/joukkosieessa.fi\/wp-content\/uploads\/2020\/02\/Touri_Lars-221x300.jpg 221w, https:\/\/joukkosieessa.fi\/wp-content\/uploads\/2020\/02\/Touri_Lars-768x1045.jpg 768w, https:\/\/joukkosieessa.fi\/wp-content\/uploads\/2020\/02\/Touri_Lars-757x1030.jpg 757w, https:\/\/joukkosieessa.fi\/wp-content\/uploads\/2020\/02\/Touri_Lars-518x705.jpg 518w, https:\/\/joukkosieessa.fi\/wp-content\/uploads\/2020\/02\/Touri_Lars-450x612.jpg 450w, https:\/\/joukkosieessa.fi\/wp-content\/uploads\/2020\/02\/Touri_Lars.jpg 1091w\" sizes=\"auto, (max-width: 111px) 100vw, 111px\" \/><\/p>\n<h4>317. Kapteeni Lars Touri, 18.kadk, 1250<\/h4>\n<ul>\n<li><strong>Komppanian p\u00e4\u00e4llikk\u00f6, KKK\/JP4\/1.JPr (MaaR)<\/strong><\/li>\n<li><strong>Kaatui Bulajeva, Syv\u00e4ri 20.4.1942<\/strong><\/li>\n<\/ul>\n<p>Vihollinen aloitti 11.4.42 Syv\u00e4rill\u00e4 hy\u00f6kk\u00e4yksen laajalla rintamalla Lotinapellon ja Ostan v\u00e4lisell\u00e4 alueella, jolloin J\u00e4\u00e4k\u00e4ripataljoona 4 siirrettiin Maasel\u00e4st\u00e4 tukemaan hy\u00f6kk\u00e4yksen torjuntaa. Pataljoona saapui 19.4. illalla Bulajevaan, jossa siit\u00e4 muodostettiin panssarivaunukomppanialla, tykkijoukkueella ja ilmatorjuntakonekiv\u00e4\u00e4rijoukkueella vahvennettuna Osasto Lounila.<\/p>\n<p>Osasto hy\u00f6kk\u00e4si 20.4. kello 0400 alkaen Shemenitsh-j\u00e4rven ja Rantaj\u00e4rven kannaksen l\u00e4pi vallaten Pajarinm\u00e4en ja Rapovanm\u00e4en alueen.<\/p>\n<p>Kapteeni Touri kaatui hy\u00f6kk\u00e4yksen aikana kello 0900 kranaatin sirpaleen osumasta selk\u00e4\u00e4n.<\/p>\n<hr \/>\n<p><img loading=\"lazy\" decoding=\"async\" class=\"wp-image-2102 alignright\" src=\"https:\/\/joukkosieessa.fi\/wp-content\/uploads\/2020\/01\/R%C3%A4s%C3%A4nen_Lauri-251x300.jpg\" alt=\"\" width=\"118\" height=\"141\" \/><\/p>\n<h4>318. Majuri Lauri R\u00e4s\u00e4nen, 7.kadk, 386<\/h4>\n<ul>\n<li><strong>Pataljoonan komentaja, I\/JR5 (4.D\/MaaR)<\/strong><\/li>\n<li><strong>Kuoli omassa miinoitteessa Suurlahti, Maaselk\u00e4 24.4.1942<\/strong><\/li>\n<\/ul>\n<p>4. Divisioonan komentaja, eversti Viljanen ja Jalkav\u00e4kirykmentti 5:n komentaja, everstiluutnantti Vihma olivat 24.4.42 tarkastamassa majuri R\u00e4s\u00e4sen I\u00a0Pataljoonan asemia Liistelammen ja Maasel\u00e4n aseman v\u00e4lisell\u00e4 alueella.<\/p>\n<p>Seurueen palatessa estelinjojen etupuolella olevasta 2. komppanian eteenty\u00f6nnetyst\u00e4 tukikohdasta, se eksyi partiopolulta ja meni kello 1630 omaan miinoitteeseen.<\/p>\n<p>Kolmen putkimiinan r\u00e4j\u00e4ht\u00e4ess\u00e4 majuri R\u00e4s\u00e4nen kaatui v\u00e4litt\u00f6m\u00e4sti otsaan osuneesta sirpaleesta ja mukana olleet joukkueen johtaja ja komppanian p\u00e4\u00e4llik\u00f6n sijainen sek\u00e4 divisioonan komentaja kuolivat ennen kentt\u00e4sairaalaan p\u00e4\u00e4sy\u00e4, rykmentinkomentajan kuollessa heti sinne saavuttua.<\/p>\n<hr \/>\n<p><strong><img loading=\"lazy\" decoding=\"async\" class=\"wp-image-3053 alignright\" style=\"font-weight: 400;\" src=\"https:\/\/joukkosieessa.fi\/wp-content\/uploads\/2020\/02\/Vihma_Lennart-221x300.jpg\" alt=\"\" width=\"111\" height=\"151\" srcset=\"https:\/\/joukkosieessa.fi\/wp-content\/uploads\/2020\/02\/Vihma_Lennart-221x300.jpg 221w, https:\/\/joukkosieessa.fi\/wp-content\/uploads\/2020\/02\/Vihma_Lennart-768x1045.jpg 768w, https:\/\/joukkosieessa.fi\/wp-content\/uploads\/2020\/02\/Vihma_Lennart-757x1030.jpg 757w, https:\/\/joukkosieessa.fi\/wp-content\/uploads\/2020\/02\/Vihma_Lennart-1103x1500.jpg 1103w, https:\/\/joukkosieessa.fi\/wp-content\/uploads\/2020\/02\/Vihma_Lennart-518x705.jpg 518w, https:\/\/joukkosieessa.fi\/wp-content\/uploads\/2020\/02\/Vihma_Lennart-450x612.jpg 450w, https:\/\/joukkosieessa.fi\/wp-content\/uploads\/2020\/02\/Vihma_Lennart.jpg 1193w\" sizes=\"auto, (max-width: 111px) 100vw, 111px\" \/><\/strong><\/p>\n<h4>319 .Yleisesikuntaeverstiluutnantti Lennart Vihma, 8.kadk, 449<\/h4>\n<ul>\n<li><strong>Rykmentin komentaja, JR5 (4.D\/MaaR)<\/strong><\/li>\n<li><strong>Haavoittui omassa miinoitteessa Suurlahti, Maaselk\u00e4 24.4.1942, kuoli Karhum\u00e4en KS 25.4.1942<\/strong><\/li>\n<\/ul>\n<p>4. Divisioonan komentaja, eversti Viljanen ja Jalkav\u00e4kirykmentti 5:n komentaja, everstiluutnantti Vihma olivat 24.4.42 tarkastamassa majuri R\u00e4s\u00e4sen I Pataljoonan asemia Liistelammen ja Maasel\u00e4n aseman v\u00e4lisell\u00e4 alueella. Seurueen palatessa estelinjojen etupuolella olevasta 2. komppanian eteenty\u00f6nnetyst\u00e4 tukikohdasta, se eksyi partiopolulta ja meni kello 1630 omaan miinoitteeseen. Kolmen putkimiinan r\u00e4j\u00e4ht\u00e4ess\u00e4 pataljoonan komentaja kaatui v\u00e4litt\u00f6m\u00e4sti, joukkueen johtajan ja komppanian p\u00e4\u00e4llik\u00f6n sijaisen sek\u00e4 divisioonan komentajan kuollessa ennen kentt\u00e4sairaalaan p\u00e4\u00e4sy\u00e4.<\/p>\n<p>Everstiluutnantti Vihma kuoli heti Karhum\u00e4en kentt\u00e4sairaalaan saavuttuaan puoleny\u00f6n j\u00e4lkeen.<\/p>\n<hr \/>\n<p><strong><img loading=\"lazy\" decoding=\"async\" class=\"wp-image-3054 alignright\" style=\"font-weight: 400;\" src=\"https:\/\/joukkosieessa.fi\/wp-content\/uploads\/2020\/02\/Tikkanen_Erkki-224x300.jpg\" alt=\"\" width=\"112\" height=\"150\" srcset=\"https:\/\/joukkosieessa.fi\/wp-content\/uploads\/2020\/02\/Tikkanen_Erkki-224x300.jpg 224w, https:\/\/joukkosieessa.fi\/wp-content\/uploads\/2020\/02\/Tikkanen_Erkki-768x1028.jpg 768w, https:\/\/joukkosieessa.fi\/wp-content\/uploads\/2020\/02\/Tikkanen_Erkki-770x1030.jpg 770w, https:\/\/joukkosieessa.fi\/wp-content\/uploads\/2020\/02\/Tikkanen_Erkki-1121x1500.jpg 1121w, https:\/\/joukkosieessa.fi\/wp-content\/uploads\/2020\/02\/Tikkanen_Erkki-527x705.jpg 527w, https:\/\/joukkosieessa.fi\/wp-content\/uploads\/2020\/02\/Tikkanen_Erkki-450x602.jpg 450w, https:\/\/joukkosieessa.fi\/wp-content\/uploads\/2020\/02\/Tikkanen_Erkki.jpg 1224w\" sizes=\"auto, (max-width: 112px) 100vw, 112px\" \/><\/strong><\/p>\n<h4>320. Kapteeni Erkki Tikkanen, 19.kadk, 1385<\/h4>\n<ul>\n<li><strong>Toimistoupseeri, viestikomentajan tsto (E\/AunR)<\/strong><\/li>\n<li><strong>Kaatui Nurmoila, Aunus 1.5.1942<\/strong><\/li>\n<\/ul>\n<p>Vihollisen lentokoneet pommittivat Nurmoilan kasarmialuetta 1.5.42 kello 1530, jolloin 12 henkil\u00f6\u00e4 kaatui. Kapteeni Tikkanen kaatui v\u00e4litt\u00f6m\u00e4sti saatuaan sirpaleen kaulaansa.<\/p>\n<hr \/>\n<p><img loading=\"lazy\" decoding=\"async\" class=\"wp-image-2103 alignright\" src=\"https:\/\/joukkosieessa.fi\/wp-content\/uploads\/2020\/01\/Sarrila_Lauri-240x300.jpg\" alt=\"\" width=\"118\" height=\"148\" srcset=\"https:\/\/joukkosieessa.fi\/wp-content\/uploads\/2020\/01\/Sarrila_Lauri-240x300.jpg 240w, https:\/\/joukkosieessa.fi\/wp-content\/uploads\/2020\/01\/Sarrila_Lauri-768x962.jpg 768w, https:\/\/joukkosieessa.fi\/wp-content\/uploads\/2020\/01\/Sarrila_Lauri-823x1030.jpg 823w, https:\/\/joukkosieessa.fi\/wp-content\/uploads\/2020\/01\/Sarrila_Lauri-1198x1500.jpg 1198w, https:\/\/joukkosieessa.fi\/wp-content\/uploads\/2020\/01\/Sarrila_Lauri-563x705.jpg 563w, https:\/\/joukkosieessa.fi\/wp-content\/uploads\/2020\/01\/Sarrila_Lauri-450x563.jpg 450w, https:\/\/joukkosieessa.fi\/wp-content\/uploads\/2020\/01\/Sarrila_Lauri.jpg 1639w\" sizes=\"auto, (max-width: 118px) 100vw, 118px\" \/><\/p>\n<h4>321. Luutnantti Lauri Sarrila, 24.kadk, 1943<\/h4>\n<ul>\n<li><strong>Komppanian p\u00e4\u00e4llikk\u00f6, 1.K\/VP11 (VI AK\/AunR)<\/strong><\/li>\n<li><strong>Haavoittui Nurmoila, Aunus 1.5.1942, kuoli 14.KS 1.5.1942<\/strong><\/li>\n<\/ul>\n<p>Vihollisen lentokoneet pommittivat Nurmoilan kasarmialuetta 1.5.42 kello 1530, jolloin 12 henkil\u00f6\u00e4 kaatui. Luutnantti Sarrila haavoittui sirpaleista vaikeasti yl\u00e4vartaloon ja kuoli samana p\u00e4iv\u00e4n\u00e4 kentt\u00e4sairaalassa.<\/p>\n<hr \/>\n<p><img loading=\"lazy\" decoding=\"async\" class=\"wp-image-3055 alignright\" src=\"https:\/\/joukkosieessa.fi\/wp-content\/uploads\/2020\/02\/Sorasalmi_Aarne-226x300.jpg\" alt=\"\" width=\"113\" height=\"150\" srcset=\"https:\/\/joukkosieessa.fi\/wp-content\/uploads\/2020\/02\/Sorasalmi_Aarne-226x300.jpg 226w, https:\/\/joukkosieessa.fi\/wp-content\/uploads\/2020\/02\/Sorasalmi_Aarne-768x1022.jpg 768w, https:\/\/joukkosieessa.fi\/wp-content\/uploads\/2020\/02\/Sorasalmi_Aarne-774x1030.jpg 774w, https:\/\/joukkosieessa.fi\/wp-content\/uploads\/2020\/02\/Sorasalmi_Aarne-1128x1500.jpg 1128w, https:\/\/joukkosieessa.fi\/wp-content\/uploads\/2020\/02\/Sorasalmi_Aarne-530x705.jpg 530w, https:\/\/joukkosieessa.fi\/wp-content\/uploads\/2020\/02\/Sorasalmi_Aarne-450x599.jpg 450w, https:\/\/joukkosieessa.fi\/wp-content\/uploads\/2020\/02\/Sorasalmi_Aarne.jpg 1272w\" sizes=\"auto, (max-width: 113px) 100vw, 113px\" \/><\/p>\n<h4>322. Kapteeni Aarne Sorasalmi, 20kadk, 1434<\/h4>\n<ul>\n<li><strong>Pataljoonan komentaja, PionP2 (VII AK\/AunR)<\/strong><\/li>\n<li><strong>Itsemurha K\u00e4pp\u00e4selk\u00e4, Maaselk\u00e4 2.5.1942<\/strong><\/li>\n<\/ul>\n<p>Kapteeni Sorasalmi ampui itsens\u00e4 2.5.42 kello 0300 komentopaikallaan K\u00e4pp\u00e4sel\u00e4ss\u00e4.<\/p>\n<hr \/>\n<p><img loading=\"lazy\" decoding=\"async\" class=\"wp-image-2104 alignright\" src=\"https:\/\/joukkosieessa.fi\/wp-content\/uploads\/2020\/01\/Naakka_Olavi-233x300.jpg\" alt=\"\" width=\"118\" height=\"152\" srcset=\"https:\/\/joukkosieessa.fi\/wp-content\/uploads\/2020\/01\/Naakka_Olavi-233x300.jpg 233w, https:\/\/joukkosieessa.fi\/wp-content\/uploads\/2020\/01\/Naakka_Olavi-768x989.jpg 768w, https:\/\/joukkosieessa.fi\/wp-content\/uploads\/2020\/01\/Naakka_Olavi-800x1030.jpg 800w, https:\/\/joukkosieessa.fi\/wp-content\/uploads\/2020\/01\/Naakka_Olavi-1165x1500.jpg 1165w, https:\/\/joukkosieessa.fi\/wp-content\/uploads\/2020\/01\/Naakka_Olavi-548x705.jpg 548w, https:\/\/joukkosieessa.fi\/wp-content\/uploads\/2020\/01\/Naakka_Olavi-450x579.jpg 450w, https:\/\/joukkosieessa.fi\/wp-content\/uploads\/2020\/01\/Naakka_Olavi.jpg 1573w\" sizes=\"auto, (max-width: 118px) 100vw, 118px\" \/><\/p>\n<h4>323. Kapteeni Olavi Naakka, 18.kadk, 1308<\/h4>\n<ul>\n<li><strong>Lentueen p\u00e4\u00e4llikk\u00f6, 1.Ltue\/LeLv30\/LeR3<\/strong><\/li>\n<li><strong>Kuoli oman ilmatorjunnan alasampumana Kuutsalo, Kirkonmaa, Kotka 17.5.1942<\/strong><\/li>\n<\/ul>\n<p>Kuusi Fokker-konetta l\u00e4hti Utista kapteeni Naakan johdolla suojaamaan Kotkassa 17.5.42 puolenp\u00e4iv\u00e4n aikaan pidett\u00e4vi\u00e4 sankarihautajaisia. Koneet lensiv\u00e4t merelle ja kaartoivat takaisin Kotkan suuntaan lent\u00e4en 300 metrin korkeudessa Kirkonmaan yli kello 1215, kun siell\u00e4 ollut oma ilmatorjunta avasi yll\u00e4tt\u00e4en tulen.<\/p>\n<p>Naakan FR-164:\u00e4\u00e4n osui 40 mm kranaatti, kone painui sy\u00f6ksyyn ja iskeytyi maahan Kuutsalossa Naakan saadessa v\u00e4litt\u00f6m\u00e4sti surmansa.<\/p>\n<p>J\u00e4lkik\u00e4teen selvisi, ett\u00e4 Kirkonmaalle oli tullut ilmatorjuntajaos viisi p\u00e4iv\u00e4\u00e4 aikaisemmin, mutta aluevastuussa oleva linnakkeisto ei ollut ilmoittanut asiasta viestikeskukselle, joten tieto lennosta ei ollut v\u00e4littynyt jaokselle.<\/p>\n<hr \/>\n<p><img loading=\"lazy\" decoding=\"async\" class=\" wp-image-3526 aligncenter\" src=\"https:\/\/joukkosieessa.fi\/wp-content\/uploads\/2020\/03\/Jatkosota11-294x300.jpg\" alt=\"\" width=\"503\" height=\"514\" srcset=\"https:\/\/joukkosieessa.fi\/wp-content\/uploads\/2020\/03\/Jatkosota11-294x300.jpg 294w, https:\/\/joukkosieessa.fi\/wp-content\/uploads\/2020\/03\/Jatkosota11-768x783.jpg 768w, https:\/\/joukkosieessa.fi\/wp-content\/uploads\/2020\/03\/Jatkosota11-36x36.jpg 36w, https:\/\/joukkosieessa.fi\/wp-content\/uploads\/2020\/03\/Jatkosota11-691x705.jpg 691w, https:\/\/joukkosieessa.fi\/wp-content\/uploads\/2020\/03\/Jatkosota11-450x459.jpg 450w, https:\/\/joukkosieessa.fi\/wp-content\/uploads\/2020\/03\/Jatkosota11.jpg 902w\" sizes=\"auto, (max-width: 503px) 100vw, 503px\" \/><\/p>\n<p style=\"text-align: center;\"><strong>Sa-kuva 84393: Gen.major. Viljanen, \u00f6verstel\u00f6jtn Vihma, och f\u00e4nrik Forstedts stoft f\u00f6res under hedersbetygelser till j\u00e4rnv\u00e4gstationen i Karhum\u00e4ki.\u00a0<\/strong><\/p>\n<p>4. Divisioonan komentajan ollessa tarkastamassa etulinjan tukikohtaa Suurlahdessa, h\u00e4nen seurueensa k\u00e4veli omaan miinoitteeseen, jolloin divisioonan komentaja, rykmentin komentaja, pataljoonan komentaja, komppanian p\u00e4\u00e4llik\u00f6n sijainen ja joukkueen johtaja kaatuivat. Kuvassa kenraalimajuri Viljasen, yleisesikuntaeverstiluutnantti Vihman (8.kadk) ja v\u00e4nrikki Forstedtsin kunniasaatto Karhum\u00e4en asemalle 24.4.1942.<\/p>\n<hr \/>\n<p><img loading=\"lazy\" decoding=\"async\" class=\"wp-image-2105 alignright\" src=\"https:\/\/joukkosieessa.fi\/wp-content\/uploads\/2020\/01\/Valjakka_Toivo-245x300.jpg\" alt=\"\" width=\"118\" height=\"144\" srcset=\"https:\/\/joukkosieessa.fi\/wp-content\/uploads\/2020\/01\/Valjakka_Toivo-245x300.jpg 245w, https:\/\/joukkosieessa.fi\/wp-content\/uploads\/2020\/01\/Valjakka_Toivo-768x942.jpg 768w, https:\/\/joukkosieessa.fi\/wp-content\/uploads\/2020\/01\/Valjakka_Toivo-840x1030.jpg 840w, https:\/\/joukkosieessa.fi\/wp-content\/uploads\/2020\/01\/Valjakka_Toivo-1223x1500.jpg 1223w, https:\/\/joukkosieessa.fi\/wp-content\/uploads\/2020\/01\/Valjakka_Toivo-575x705.jpg 575w, https:\/\/joukkosieessa.fi\/wp-content\/uploads\/2020\/01\/Valjakka_Toivo-450x552.jpg 450w, https:\/\/joukkosieessa.fi\/wp-content\/uploads\/2020\/01\/Valjakka_Toivo.jpg 1536w\" sizes=\"auto, (max-width: 118px) 100vw, 118px\" \/><\/p>\n<h3>323. Kadetti, reservin luutnantti Toivo Valjakka, 25.kadk, 2178<\/h3>\n<ul>\n<li><strong>Komppanian p\u00e4\u00e4llikk\u00f6, 2.K\/I\/JR12 (Div J\/III AK\/AOKL)<\/strong><\/li>\n<li><strong>Haavoittui Jelettij\u00e4rvi, Kiestinki 20.5.1942, kuoli 12.KS Kiestinki 21.5.1942<\/strong><\/li>\n<\/ul>\n<p>Vihollinen aloitti Kiestingin suunnalla hy\u00f6kk\u00e4yksen huhtikuun lopulla -42 tavoitteenaan Sohjanajoki. Hy\u00f6kk\u00e4ys torjuttiin muualla, mutta Jelettij\u00e4rven\u00a0etel\u00e4puolella vihollinen p\u00e4\u00e4si murtoon uhaten saartaa Divisioona J:n. Taisteluosasto Puroma (vahvennettu Jalkav\u00e4kirykmentti 12) aloitti vastahy\u00f6kk\u00e4yksen 15.5. ly\u00f6den vihollisen Kiestingin \u2013 Ahvenlahden tielt\u00e4. Hy\u00f6kk\u00e4yksen jatkuessa 20.5. aamuy\u00f6ll\u00e4 it\u00e4\u00e4n Pahajoen ja Kaurajoen v\u00e4lill\u00e4, vihollinen torjui sitke\u00e4sti hy\u00f6kk\u00e4ykset. Rykmentin 2. komppanian hy\u00f6kk\u00e4ys pys\u00e4htyi vihollisen ankaran vastarinnan vuoksi ja kello 0530 kadetti Valjakka, joka oli m\u00e4\u00e4r\u00e4tty komppanian p\u00e4\u00e4llik\u00f6ksi viikkoa aikaisemmin, haavoittui vaikeasti vatsaan luodin osumasta kuollen seuraavana p\u00e4iv\u00e4n\u00e4 kentt\u00e4sairaalassa.<\/p>\n<hr \/>\n<p><img loading=\"lazy\" decoding=\"async\" class=\"wp-image-2522 alignright\" src=\"https:\/\/joukkosieessa.fi\/wp-content\/uploads\/2020\/01\/Pirhonen-Kauko-Olavi-280412-223x300.jpg\" alt=\"\" width=\"118\" height=\"159\" srcset=\"https:\/\/joukkosieessa.fi\/wp-content\/uploads\/2020\/01\/Pirhonen-Kauko-Olavi-280412-223x300.jpg 223w, https:\/\/joukkosieessa.fi\/wp-content\/uploads\/2020\/01\/Pirhonen-Kauko-Olavi-280412.jpg 307w\" sizes=\"auto, (max-width: 118px) 100vw, 118px\" \/><\/p>\n<h4>324. Kapteeni Kauko Pirhonen, 17.kadk, 1214<\/h4>\n<ul>\n<li><strong>Koelent\u00e4j\u00e4, KoeLtue\/KoeLeLv\/Lentovarikko<\/strong><\/li>\n<li><strong>Kuoli lento-onnettomuudessa Tampere 21.5.1942<\/strong><\/li>\n<\/ul>\n<p>Kapteeni Pirhonen l\u00e4hti 21.5.42 kello 1840 suorittamaan siirtolentoa PE-214:lla Tampereelta Kuorevedelle. Tampereen lentokentt\u00e4 oli kelirikon vuoksi huonossa kunnossa ja kone ajautui l\u00e4hd\u00f6ss\u00e4 pehme\u00e4lle kohdalle, jolloin Pirhonen veti koneen v\u00e4kisin alinopeudella ilmaan. Koneen p\u00e4\u00e4sty\u00e4 kiitoradan jatkeella olevan Rukkam\u00e4en yli se joutui kuolioon ja sy\u00f6ksyi maahan kilometrin p\u00e4\u00e4ss\u00e4 kent\u00e4st\u00e4 it\u00e4kaakkoon.<\/p>\n<p>Kone iskeytyi rinteeseen ja syttyi palamaan, jolloin Pirhonen sai heti surmansa.<\/p>\n<hr \/>\n<p><img loading=\"lazy\" decoding=\"async\" class=\"wp-image-2826 alignright\" src=\"https:\/\/joukkosieessa.fi\/wp-content\/uploads\/2020\/02\/rautaristi-197x300.jpg\" alt=\"\" width=\"120\" height=\"183\" srcset=\"https:\/\/joukkosieessa.fi\/wp-content\/uploads\/2020\/02\/rautaristi-197x300.jpg 197w, https:\/\/joukkosieessa.fi\/wp-content\/uploads\/2020\/02\/rautaristi-462x705.jpg 462w, https:\/\/joukkosieessa.fi\/wp-content\/uploads\/2020\/02\/rautaristi-450x686.jpg 450w, https:\/\/joukkosieessa.fi\/wp-content\/uploads\/2020\/02\/rautaristi.jpg 469w\" sizes=\"auto, (max-width: 120px) 100vw, 120px\" \/><\/p>\n<h4>325. Kadetti, reservin v\u00e4nrikki Henry Schatelowitz, 26.kadk, &#8211;<\/h4>\n<ul>\n<li><strong>Tulenjohtaja, 8.Ptri\/III\/KTR8 (17.D\/VI AK\/AunR)<\/strong><\/li>\n<li><strong>Haavoittui Jandeba, Syv\u00e4ri 24.5.1942, kuoli 66.SotaS 25.5.1942<\/strong><\/li>\n<\/ul>\n<p>Kadetti Schatelowitz haavoittui kiv\u00e4\u00e4rin luodista p\u00e4\u00e4h\u00e4n 24.5.42 kello 1715 Jandebassa, Syv\u00e4rin\u00a0voimalaitoksen koillispuolella, ja kuoli seuraavana p\u00e4iv\u00e4n\u00e4 matkalla sotasairaalaan.<\/p>\n<hr \/>\n<p><img loading=\"lazy\" decoding=\"async\" class=\"wp-image-2106 alignright\" src=\"https:\/\/joukkosieessa.fi\/wp-content\/uploads\/2020\/01\/K%C3%A4rri_Ky%C3%B6sti-238x300.jpg\" alt=\"\" width=\"118\" height=\"149\" \/><\/p>\n<h4>326. Luutnantti Ky\u00f6sti K\u00e4rri, 23.kadk, 1722<\/h4>\n<ul>\n<li><strong>Komppanian p\u00e4\u00e4llikk\u00f6, 1.K\/I\/JR6 (18.D\/KanR)<\/strong><\/li>\n<li><strong>Katosi Valkeasaari, Valkeasaari 27.5.1942<\/strong><\/li>\n<\/ul>\n<p>Vihollinen avasi voimakkaan suorasuuntaus- ja ep\u00e4suoran tulen Jalkav\u00e4kirykmentti 6:n 1. komppanian asemiin Valkeasaaressa 27.5.42 kello 0300 ja puoli tuntia my\u00f6hemmin noin 60-miehinen tiedustelu- ja vanginsieppausosasto tuli esteisiin r\u00e4j\u00e4ytt\u00e4m\u00e4st\u00e4\u00e4n aukosta l\u00e4pi. Vihollinen saatiin nopeasti heitetty\u00e4 takaisin, mutta luutnantti K\u00e4rri\u00e4, joka oli tulituksen alettua tullut tarkastamaan etulinjaa ja oli sattumalta juuri murtokohdassa, ei taistelun j\u00e4lkeen l\u00f6ydetty.<\/p>\n<p>Paikalta l\u00f6ydetyist\u00e4 l\u00e4piammutuista kyp\u00e4r\u00e4st\u00e4 ja komentohihnasta voitiin p\u00e4\u00e4tell\u00e4 K\u00e4rrin saaneen konepistoolin sarjasta luodin p\u00e4\u00e4h\u00e4ns\u00e4 ja rintaansa ja my\u00f6hemm\u00e4n vankitiedon mukaan vihollisosasto oli vienyt K\u00e4rrin kuolleena mukanaan.<\/p>\n<hr \/>\n<p><img loading=\"lazy\" decoding=\"async\" class=\"wp-image-2905 alignright\" src=\"https:\/\/joukkosieessa.fi\/wp-content\/uploads\/2020\/02\/kallio_Tapani-244x300.jpg\" alt=\"\" width=\"120\" height=\"148\" srcset=\"https:\/\/joukkosieessa.fi\/wp-content\/uploads\/2020\/02\/kallio_Tapani-244x300.jpg 244w, https:\/\/joukkosieessa.fi\/wp-content\/uploads\/2020\/02\/kallio_Tapani.jpg 449w\" sizes=\"auto, (max-width: 120px) 100vw, 120px\" \/><\/p>\n<h4>327. Kadetti, reservin v\u00e4nrikki Tapani Kallio, 25.kadk, 2030<\/h4>\n<ul>\n<li><strong>Toipilas (nuorempi upseeri, T\u00e4ydLeLv35)<\/strong><\/li>\n<li><strong>Kuoli sairauteen Lappeenranta 28.5.1942<\/strong><\/li>\n<\/ul>\n<p>Kadetti Kallio kuoli keuhkotautiin kotonaan Lappeenrannassa 28.5.1942.<\/p>\n<p>Kallio ylennettiin luutnantiksi kuolemansa j\u00e4lkeen 22.6.42 Ylip\u00e4\u00e4llik\u00f6n p\u00e4iv\u00e4k\u00e4skyll\u00e4 66\/42.<\/p>\n<hr \/>\n<p><img loading=\"lazy\" decoding=\"async\" class=\"wp-image-2826 alignright\" src=\"https:\/\/joukkosieessa.fi\/wp-content\/uploads\/2020\/02\/rautaristi-197x300.jpg\" alt=\"\" width=\"120\" height=\"183\" srcset=\"https:\/\/joukkosieessa.fi\/wp-content\/uploads\/2020\/02\/rautaristi-197x300.jpg 197w, https:\/\/joukkosieessa.fi\/wp-content\/uploads\/2020\/02\/rautaristi-462x705.jpg 462w, https:\/\/joukkosieessa.fi\/wp-content\/uploads\/2020\/02\/rautaristi-450x686.jpg 450w, https:\/\/joukkosieessa.fi\/wp-content\/uploads\/2020\/02\/rautaristi.jpg 469w\" sizes=\"auto, (max-width: 120px) 100vw, 120px\" \/><\/p>\n<h4>328. Kadetti, reservin v\u00e4nrikki Erkki Katilainen, 26.kadk, &#8211;<\/h4>\n<ul>\n<li><strong>Ohjaaja, 2.Ltue\/LeLv14<\/strong><\/li>\n<li><strong>Kaatui Koivuniemi, Tungutj\u00e4rvi, Rukaj\u00e4rvi 28.5.1942<\/strong><\/li>\n<\/ul>\n<p>Kadetti Katilainen oli 28.5.42 kello 1735 nelj\u00e4n Fokker-koneen parven osana tiedustelu- ja maataistelulennolla Tungutj\u00e4rven alueella. Parvi ryhmittyi jonoksi ja suoritti maahy\u00f6kk\u00e4yksen Koivuniemen kyl\u00e4\u00e4n Katilaisen ollessa jonon viimeisen\u00e4. Katilainen todenn\u00e4k\u00f6isesti sai osumia vihollisen ilmatorjuntatulesta, sill\u00e4 h\u00e4nen koneensa sy\u00f6ksyi maahan r\u00e4j\u00e4ht\u00e4en.<\/p>\n<\/div><\/section><br \/>\n\n<style type=\"text\/css\" data-created_by=\"avia_inline_auto\" id=\"style-css-av-av_heading-8e3e8157497ce173d4ac4fc67b0a1b2a\">\n#top .av-special-heading.av-av_heading-8e3e8157497ce173d4ac4fc67b0a1b2a{\npadding-bottom:10px;\n}\nbody .av-special-heading.av-av_heading-8e3e8157497ce173d4ac4fc67b0a1b2a .av-special-heading-tag .heading-char{\nfont-size:25px;\n}\n.av-special-heading.av-av_heading-8e3e8157497ce173d4ac4fc67b0a1b2a .av-subheading{\nfont-size:15px;\n}\n<\/style>\n<div  class='av-special-heading av-av_heading-8e3e8157497ce173d4ac4fc67b0a1b2a av-special-heading-h3  avia-builder-el-8  el_after_av_textblock  el_before_av_textblock '><h3 class='av-special-heading-tag'  itemprop=\"headline\"  >L\u00c4HTEET<\/h3><div class=\"special-heading-border\"><div class=\"special-heading-inner-border\"><\/div><\/div><\/div><br \/>\n<section  class='av_textblock_section av-k7ntac5i-fe62acdb2c03d90b3bb6be43c47ac3a5 '   itemscope=\"itemscope\" itemtype=\"https:\/\/schema.org\/CreativeWork\" ><div class='avia_textblock'  itemprop=\"text\" ><p>L\u00e4hteet esitetty kirjassa ja sen s\u00e4hk\u00f6isess\u00e4 versiossa (PDF) joka on ladattavissa Kadettikunnan ja t\u00e4m\u00e4n sivuston verkkosivuilta.<\/p>\n<\/div><\/section><br \/>\n\n<style type=\"text\/css\" data-created_by=\"avia_inline_auto\" id=\"style-css-av-k47j6vg7-d3fd1f40b5858f4982ee5b8d5d9dc574\">\n#top .avia_search_element.av-k47j6vg7-d3fd1f40b5858f4982ee5b8d5d9dc574 .av_searchform_wrapper{\nborder-radius:0px 0px 0px 0px;\n}\n#top .avia_search_element.av-k47j6vg7-d3fd1f40b5858f4982ee5b8d5d9dc574 #s.av-input-field{\nborder-radius:0px 0px 0px 0px;\n}\n#top .avia_search_element.av-k47j6vg7-d3fd1f40b5858f4982ee5b8d5d9dc574 .av_searchsubmit_wrapper{\nborder-radius:0px 0px 0px 0px;\n}\n#top .avia_search_element.av-k47j6vg7-d3fd1f40b5858f4982ee5b8d5d9dc574 #searchsubmit{\nborder-radius:0px 0px 0px 0px;\n}\n.ajax_search_response.av-k47j6vg7-d3fd1f40b5858f4982ee5b8d5d9dc574{\npadding:0px 0px 0px 0px;\nmargin:0px 0px 0px 0px;\n}\n<\/style>\n<div  class='avia_search_element av-k47j6vg7-d3fd1f40b5858f4982ee5b8d5d9dc574  avia-builder-el-10  el_after_av_textblock  avia-builder-el-last '><form action='https:\/\/joukkosieessa.fi\/' id='searchform_element' method='get' class='' data-element_id='av-k47j6vg7-d3fd1f40b5858f4982ee5b8d5d9dc574' ><div class='av_searchform_wrapper'><input type='text' value='' id='s' name='s' placeholder='Haku artikkeleista...' class='av-input-field av-input-hasicon' \/><span class='av-input-field-icon av-search-icon avia-font-entypo-fontello'>\ue803<\/span><div class='av_searchsubmit_wrapper '><input type='submit' value='HAE' id='searchsubmit' class='button ' \/><\/div><input type='hidden' name='numberposts' value='5' \/><input type='hidden' name='post_type' value='post' \/><input type='hidden' name='results_hide_fields' value='' \/><\/div><\/form><\/div><\/p><\/div>\n<style type=\"text\/css\" data-created_by=\"avia_inline_auto\" id=\"style-css-av-4jjtdv-72ef7a1bfea6b53ba242d7e87f4f685e\">\n.flex_column.av-4jjtdv-72ef7a1bfea6b53ba242d7e87f4f685e{\nborder-radius:0px 0px 0px 0px;\npadding:0px 0px 0px 0px;\n}\n<\/style>\n<div  class='flex_column av-4jjtdv-72ef7a1bfea6b53ba242d7e87f4f685e av_one_half  avia-builder-el-11  el_after_av_one_full  el_before_av_one_half  first flex_column_div av-zero-column-padding  column-top-margin'     ><div  class='avia-button-wrap av-k7npyfnb-4435a8c35284fb02c69f35b46f6f59f7-wrap avia-button-left  avia-builder-el-12  avia-builder-el-no-sibling '><a href='https:\/\/joukkosieessa.fi\/index.php\/sodan-aika\/jatkosota\/asemasota\/1970-2\/'  class='avia-button av-k7npyfnb-4435a8c35284fb02c69f35b46f6f59f7 avia-icon_select-no avia-size-small avia-position-left avia-color-theme-color-highlight'  ><span class='avia_iconbox_title' >Helmi-, maaliskuu 1942<\/span><\/a><\/div><\/div><\/p>\n\n<style type=\"text\/css\" data-created_by=\"avia_inline_auto\" id=\"style-css-av-25lw7n-5f83c7723eab58471f455dd8d2e74028\">\n.flex_column.av-25lw7n-5f83c7723eab58471f455dd8d2e74028{\nborder-radius:0px 0px 0px 0px;\npadding:0px 0px 0px 0px;\n}\n<\/style>\n<div  class='flex_column av-25lw7n-5f83c7723eab58471f455dd8d2e74028 av_one_half  avia-builder-el-13  el_after_av_one_half  avia-builder-el-last  flex_column_div av-zero-column-padding  column-top-margin'     ><div  class='avia-button-wrap av-k7npz6gy-e3609779e72588c3a008af9cd072585e-wrap avia-button-right  avia-builder-el-14  avia-builder-el-no-sibling '><a href='https:\/\/joukkosieessa.fi\/index.php\/sodan-aika\/jatkosota\/asemasota\/kesa-heinakuu-1942\/'  class='avia-button av-k7npz6gy-e3609779e72588c3a008af9cd072585e avia-icon_select-no avia-size-small avia-position-right avia-color-theme-color-highlight'  ><span class='avia_iconbox_title' >Kes\u00e4-, hein\u00e4kuu 1942<\/span><\/a><\/div><\/div>\n","protected":false},"excerpt":{"rendered":"","protected":false},"author":1,"featured_media":0,"parent":1952,"menu_order":2,"comment_status":"closed","ping_status":"closed","template":"","meta":{"footnotes":""},"class_list":["post-1955","page","type-page","status-publish","hentry"],"_links":{"self":[{"href":"https:\/\/joukkosieessa.fi\/index.php\/wp-json\/wp\/v2\/pages\/1955","targetHints":{"allow":["GET"]}}],"collection":[{"href":"https:\/\/joukkosieessa.fi\/index.php\/wp-json\/wp\/v2\/pages"}],"about":[{"href":"https:\/\/joukkosieessa.fi\/index.php\/wp-json\/wp\/v2\/types\/page"}],"author":[{"embeddable":true,"href":"https:\/\/joukkosieessa.fi\/index.php\/wp-json\/wp\/v2\/users\/1"}],"replies":[{"embeddable":true,"href":"https:\/\/joukkosieessa.fi\/index.php\/wp-json\/wp\/v2\/comments?post=1955"}],"version-history":[{"count":18,"href":"https:\/\/joukkosieessa.fi\/index.php\/wp-json\/wp\/v2\/pages\/1955\/revisions"}],"predecessor-version":[{"id":3964,"href":"https:\/\/joukkosieessa.fi\/index.php\/wp-json\/wp\/v2\/pages\/1955\/revisions\/3964"}],"up":[{"embeddable":true,"href":"https:\/\/joukkosieessa.fi\/index.php\/wp-json\/wp\/v2\/pages\/1952"}],"wp:attachment":[{"href":"https:\/\/joukkosieessa.fi\/index.php\/wp-json\/wp\/v2\/media?parent=1955"}],"curies":[{"name":"wp","href":"https:\/\/api.w.org\/{rel}","templated":true}]}}