{"id":1970,"date":"2020-01-05T21:08:58","date_gmt":"2020-01-05T21:08:58","guid":{"rendered":"https:\/\/joukkosieessa.fi\/?page_id=1970"},"modified":"2020-09-21T08:42:22","modified_gmt":"2020-09-21T08:42:22","slug":"1970-2","status":"publish","type":"page","link":"https:\/\/joukkosieessa.fi\/index.php\/sodan-aika\/jatkosota\/asemasota\/1970-2\/","title":{"rendered":"Helmi-, maaliskuu 1942"},"content":{"rendered":"<div id='full_slider_1'  class='avia-fullwidth-slider main_color avia-shadow   avia-builder-el-0  el_before_av_one_full  avia-builder-el-first   container_wrap sidebar_right'  >\n<style type=\"text\/css\" data-created_by=\"avia_inline_auto\" id=\"style-css-av-akhp-b6f614b8154ad80be0284d699659eb53\">\n#top .avia-slideshow .av-slideshow-caption.av-akhp-b6f614b8154ad80be0284d699659eb53__0 .avia-caption-content{\nfont-size:14px;\n}\n#top .avia-slideshow .av-slideshow-caption.av-akhp-b6f614b8154ad80be0284d699659eb53__0 .avia-caption-content p{\nfont-size:14px;\n}\n<\/style>\n<div  class='avia-slideshow av-akhp-b6f614b8154ad80be0284d699659eb53 avia-slideshow-featured av_slideshow_full avia-slide-slider av-slideshow-ui av-control-default av-slideshow-manual av-loop-once av-loop-manual-endless av-default-height-applied   avia-slideshow-1' data-slideshow-options=\"{&quot;animation&quot;:&quot;slide&quot;,&quot;autoplay&quot;:false,&quot;loop_autoplay&quot;:&quot;once&quot;,&quot;interval&quot;:5,&quot;loop_manual&quot;:&quot;manual-endless&quot;,&quot;autoplay_stopper&quot;:false,&quot;noNavigation&quot;:false,&quot;bg_slider&quot;:false,&quot;keep_padding&quot;:false,&quot;hoverpause&quot;:false,&quot;show_slide_delay&quot;:0}\"  itemprop=\"image\" itemscope=\"itemscope\" itemtype=\"https:\/\/schema.org\/ImageObject\" ><ul class='avia-slideshow-inner ' style='padding-bottom: 28.666666666667%;'><li  class='avia-slideshow-slide av-akhp-b6f614b8154ad80be0284d699659eb53__0  av-single-slide slide-1 slide-odd'><div data-rel='slideshow-1' class='avia-slide-wrap '   ><div class='av-slideshow-caption av-akhp-b6f614b8154ad80be0284d699659eb53__0 caption_fullwidth caption_bottom caption_bottom_framed caption_framed'><div class=\"container caption_container\"><div class=\"slideshow_caption\"><div class=\"slideshow_inner_caption\"><div class=\"slideshow_align_caption\"><div class='avia-caption-content '  itemprop=\"description\" ><p>Yleisesikuntaeverstiluutnantti Lauri Ruokosen (7.kadk) hautajaiset Helsingin Hietaniemen kappelissa 21.2.1942. Ruokonen kaatui Krivill\u00e4 7.2.1942 tullessaan etulinjassa vihollisen partion yll\u00e4tt\u00e4m\u00e4ksi. Ruokonen oli yksi kahdeksasta kaatuneesta yleisesikuntakadettiupseerista.<\/p>\n<\/div><\/div><\/div><\/div><\/div><\/div><img fetchpriority=\"high\" class=\"wp-image-3445 avia-img-lazy-loading-not-3445\"  src='https:\/\/joukkosieessa.fi\/wp-content\/uploads\/2020\/03\/Asemasota_Helmikuu_1942-2-1500x430.jpg' width='1500' height='430' title='Asemasota_Helmikuu_1942' alt=''  itemprop=\"thumbnailUrl\"   \/><\/div><\/li><\/ul><\/div><\/div><div id='after_full_slider_1'  class='main_color av_default_container_wrap container_wrap sidebar_right'  ><div class='container av-section-cont-open' ><div class='template-page content  av-content-small alpha units'><div class='post-entry post-entry-type-page post-entry-1970'><div class='entry-content-wrapper clearfix'>\n\n<style type=\"text\/css\" data-created_by=\"avia_inline_auto\" id=\"style-css-av-79f1-1280664b05e2eaf6fd9346541c87cb15\">\n.flex_column.av-79f1-1280664b05e2eaf6fd9346541c87cb15{\nborder-radius:0px 0px 0px 0px;\npadding:0px 0px 0px 0px;\n}\n<\/style>\n<div  class='flex_column av-79f1-1280664b05e2eaf6fd9346541c87cb15 av_one_full  avia-builder-el-1  el_after_av_slideshow_full  el_before_av_one_full  avia-builder-el-first  first flex_column_div av-zero-column-padding  '     ><style type=\"text\/css\" data-created_by=\"avia_inline_auto\" id=\"style-css-av-k51i924m-4456ced03137038adf11c982b9e0da5a\">\n#top .av-special-heading.av-k51i924m-4456ced03137038adf11c982b9e0da5a{\nmargin:0 0 -5px 0;\npadding-bottom:0;\n}\nbody .av-special-heading.av-k51i924m-4456ced03137038adf11c982b9e0da5a .av-special-heading-tag .heading-char{\nfont-size:25px;\n}\n.av-special-heading.av-k51i924m-4456ced03137038adf11c982b9e0da5a .av-subheading{\nfont-size:15px;\n}\n<\/style>\n<div  class='av-special-heading av-k51i924m-4456ced03137038adf11c982b9e0da5a av-special-heading-h1  avia-builder-el-2  avia-builder-el-no-sibling '><h1 class='av-special-heading-tag'  itemprop=\"headline\"  >Helmi-, maaliskuu 1942<\/h1><div class=\"special-heading-border\"><div class=\"special-heading-inner-border\"><\/div><\/div><\/div><\/div>\n\n<style type=\"text\/css\" data-created_by=\"avia_inline_auto\" id=\"style-css-av-4k1r-3ed26eaf4f9e1fe5afee569a008105ec\">\n.flex_column.av-4k1r-3ed26eaf4f9e1fe5afee569a008105ec{\nborder-radius:0px 0px 0px 0px;\npadding:0px 0px 10px 10px;\n}\n<\/style>\n<div  class='flex_column av-4k1r-3ed26eaf4f9e1fe5afee569a008105ec av_one_full  avia-builder-el-3  el_after_av_one_full  el_before_av_one_half  first flex_column_div  column-top-margin'     ><p>\n<style type=\"text\/css\" data-created_by=\"avia_inline_auto\" id=\"style-css-av-3o2n-f8ecf9facd2b0c750a152e7b87905b4d\">\n#top .av_textblock_section.av-3o2n-f8ecf9facd2b0c750a152e7b87905b4d .avia_textblock{\nfont-size:15px;\n}\n<\/style>\n<section  class='av_textblock_section av-3o2n-f8ecf9facd2b0c750a152e7b87905b4d '   itemscope=\"itemscope\" itemtype=\"https:\/\/schema.org\/CreativeWork\" ><div class='avia_textblock'  itemprop=\"text\" ><p><strong> Vihollinen uusii hy\u00f6kk\u00e4yksens\u00e4 Krivill\u00e4 helmikuun alkupuolella. Maaliskuussa aloitetaan kentt\u00e4armeijan suuret organisaatiomuutokset, jotka jatkuvat vuodelle -43. Osasto Pajari valtaa maaliskuun lopussa Suursaaren.<\/strong><\/p>\n<\/div><\/section><br \/>\n\n<style type=\"text\/css\" data-created_by=\"avia_inline_auto\" id=\"style-css-av-kfca74o7-5aab0d353500a1779222f61e8bb85a3e\">\n#top .av-special-heading.av-kfca74o7-5aab0d353500a1779222f61e8bb85a3e{\nmargin:0 0 10px 0;\npadding-bottom:10px;\n}\nbody .av-special-heading.av-kfca74o7-5aab0d353500a1779222f61e8bb85a3e .av-special-heading-tag .heading-char{\nfont-size:25px;\n}\n.av-special-heading.av-kfca74o7-5aab0d353500a1779222f61e8bb85a3e .av-subheading{\nfont-size:15px;\n}\n<\/style>\n<div  class='av-special-heading av-kfca74o7-5aab0d353500a1779222f61e8bb85a3e av-special-heading-h2  avia-builder-el-5  el_after_av_textblock  el_before_av_textblock '><h2 class='av-special-heading-tag'  itemprop=\"headline\"  >MENEHTYNEET KADETTIUPSEERIT JA KADETIT<\/h2><div class=\"special-heading-border\"><div class=\"special-heading-inner-border\"><\/div><\/div><\/div><br \/>\n\n<style type=\"text\/css\" data-created_by=\"avia_inline_auto\" id=\"style-css-av-3o2n-f8ecf9facd2b0c750a152e7b87905b4d\">\n#top .av_textblock_section.av-3o2n-f8ecf9facd2b0c750a152e7b87905b4d .avia_textblock{\nfont-size:15px;\n}\n<\/style>\n<section  class='av_textblock_section av-3o2n-f8ecf9facd2b0c750a152e7b87905b4d '   itemscope=\"itemscope\" itemtype=\"https:\/\/schema.org\/CreativeWork\" ><div class='avia_textblock'  itemprop=\"text\" ><p><img loading=\"lazy\" decoding=\"async\" class=\"wp-image-2519 alignright\" src=\"https:\/\/joukkosieessa.fi\/wp-content\/uploads\/2020\/01\/Kovanen-Toivo-200907-241x300.jpg\" alt=\"\" width=\"118\" height=\"147\" srcset=\"https:\/\/joukkosieessa.fi\/wp-content\/uploads\/2020\/01\/Kovanen-Toivo-200907-241x300.jpg 241w, https:\/\/joukkosieessa.fi\/wp-content\/uploads\/2020\/01\/Kovanen-Toivo-200907.jpg 332w\" sizes=\"auto, (max-width: 118px) 100vw, 118px\" \/><\/p>\n<h4><strong>307. Kapteeni Toivo Kovanen, 18.kadk, 1291<\/strong><\/h4>\n<ul>\n<li><strong>Pataljoonan komentaja, VP26 (7.D\/VI AK\/KarA)<\/strong><\/li>\n<li><strong>Itsemurha Roikonkoski, Suistamo 1.2.1942<\/strong><\/li>\n<\/ul>\n<p>Kapteeni Kovanen ampui itsens\u00e4 Roikonkosken asemalla 1.2.42 ollessaan matkalla lomalle.<\/p>\n<hr \/>\n<p><img loading=\"lazy\" decoding=\"async\" class=\"wp-image-2901 alignright\" src=\"https:\/\/joukkosieessa.fi\/wp-content\/uploads\/2020\/02\/Essen_Von_Carl-222x300.jpg\" alt=\"\" width=\"111\" height=\"150\" srcset=\"https:\/\/joukkosieessa.fi\/wp-content\/uploads\/2020\/02\/Essen_Von_Carl-222x300.jpg 222w, https:\/\/joukkosieessa.fi\/wp-content\/uploads\/2020\/02\/Essen_Von_Carl-768x1039.jpg 768w, https:\/\/joukkosieessa.fi\/wp-content\/uploads\/2020\/02\/Essen_Von_Carl-762x1030.jpg 762w, https:\/\/joukkosieessa.fi\/wp-content\/uploads\/2020\/02\/Essen_Von_Carl-1109x1500.jpg 1109w, https:\/\/joukkosieessa.fi\/wp-content\/uploads\/2020\/02\/Essen_Von_Carl-521x705.jpg 521w, https:\/\/joukkosieessa.fi\/wp-content\/uploads\/2020\/02\/Essen_Von_Carl-450x609.jpg 450w, https:\/\/joukkosieessa.fi\/wp-content\/uploads\/2020\/02\/Essen_Von_Carl.jpg 1408w\" sizes=\"auto, (max-width: 111px) 100vw, 111px\" \/><\/p>\n<h4><strong>308. Kapteeni Carl von Essen, 1.kadk, 50<\/strong><\/h4>\n<ul>\n<li><strong>Ei vakinaisessa palveluksessa<\/strong><\/li>\n<li><strong>Kuoli sairauteen 54.SotaS Helsinki 3.2.1942<\/strong><\/li>\n<\/ul>\n<p>Kapteeni von Essen kuoli keuhkoputkentulehdukseen Helsingiss\u00e4 3.2.42.<\/p>\n<hr \/>\n<h4><strong>\u00a0<\/strong><\/h4>\n<h4><img loading=\"lazy\" decoding=\"async\" class=\"wp-image-3048 alignright\" src=\"https:\/\/joukkosieessa.fi\/wp-content\/uploads\/2020\/02\/Ruokonen_Lauri-226x300.jpg\" alt=\"\" width=\"113\" height=\"150\" srcset=\"https:\/\/joukkosieessa.fi\/wp-content\/uploads\/2020\/02\/Ruokonen_Lauri-226x300.jpg 226w, https:\/\/joukkosieessa.fi\/wp-content\/uploads\/2020\/02\/Ruokonen_Lauri-768x1019.jpg 768w, https:\/\/joukkosieessa.fi\/wp-content\/uploads\/2020\/02\/Ruokonen_Lauri-776x1030.jpg 776w, https:\/\/joukkosieessa.fi\/wp-content\/uploads\/2020\/02\/Ruokonen_Lauri-1131x1500.jpg 1131w, https:\/\/joukkosieessa.fi\/wp-content\/uploads\/2020\/02\/Ruokonen_Lauri-531x705.jpg 531w, https:\/\/joukkosieessa.fi\/wp-content\/uploads\/2020\/02\/Ruokonen_Lauri-450x597.jpg 450w, https:\/\/joukkosieessa.fi\/wp-content\/uploads\/2020\/02\/Ruokonen_Lauri.jpg 1277w\" sizes=\"auto, (max-width: 113px) 100vw, 113px\" \/><strong>309. Yleisesikuntamajuri Lauri Ruokonen, 7.kadk, 383<\/strong><\/h4>\n<ul>\n<li><strong>Pataljoonan komentaja, I\/JR45 (8.D\/II AK\/KarA)<\/strong><\/li>\n<li><strong>Kaatui Krivin asema, Maaselk\u00e4 7.2.1942<\/strong><\/li>\n<\/ul>\n<p>Majuri Ruokonen oli 7.2.42 kello 1430 pataljoonansa adjutantin ja l\u00e4hettiupseerin kanssa tarkastamassa etulinjaa noin kaksi kilometri\u00e4 Krivin aseman\u00a0luoteispuolella,<\/p>\n<p>kun vihollisen partio p\u00e4\u00e4si yll\u00e4tt\u00e4m\u00e4\u00e4n heid\u00e4t. Ruokonen kaatui v\u00e4litt\u00f6m\u00e4sti kahden konepistoolin luodin l\u00e4vist\u00e4ess\u00e4 h\u00e4nen rintansa. Ruokonen ylennettiin kuolemansa j\u00e4lkeen 11.2.42 annetulla Ylip\u00e4\u00e4llik\u00f6n p\u00e4iv\u00e4k\u00e4skyll\u00e4 50\/42 takautuvasti everstiluutnantiksi p\u00e4iv\u00e4m\u00e4\u00e4r\u00e4ll\u00e4 1.2.42.<\/p>\n<hr \/>\n<p><img loading=\"lazy\" decoding=\"async\" class=\" wp-image-2826 alignright\" src=\"https:\/\/joukkosieessa.fi\/wp-content\/uploads\/2020\/02\/rautaristi-197x300.jpg\" alt=\"\" width=\"120\" height=\"183\" srcset=\"https:\/\/joukkosieessa.fi\/wp-content\/uploads\/2020\/02\/rautaristi-197x300.jpg 197w, https:\/\/joukkosieessa.fi\/wp-content\/uploads\/2020\/02\/rautaristi-462x705.jpg 462w, https:\/\/joukkosieessa.fi\/wp-content\/uploads\/2020\/02\/rautaristi-450x686.jpg 450w, https:\/\/joukkosieessa.fi\/wp-content\/uploads\/2020\/02\/rautaristi.jpg 469w\" sizes=\"auto, (max-width: 120px) 100vw, 120px\" \/><\/p>\n<h4><strong>310. Kadetti, reservin luutnantti Heimo Honkanen, 26.kadk, &#8211;<\/strong><\/h4>\n<ul>\n<li><strong>Joukkueen johtaja, 14.K\/JR15 (15.D\/I AK)<\/strong><\/li>\n<li><strong>Haavoittui Sirki\u00e4nsaari, Rautu 10.2.1942, kuoli 36.KS R\u00e4is\u00e4l\u00e4 11.2.1942<\/strong><\/li>\n<\/ul>\n<p>Vihollinen yritti pitk\u00e4n hiljaiselon j\u00e4lkeen 10.2.42 iskuosastomaista hy\u00f6kk\u00e4yst\u00e4 Jalkav\u00e4kirykmentti\u00a015:n II Pataljoonan lohkolla Sirki\u00e4nsaaressa kahden joukkueen voimin. Kadetti Honkanen haavoittui p\u00e4iv\u00e4n taistelussa vaikeasti rintaan luodista ja kuoli seuraavana y\u00f6n\u00e4 kello 0300 kentt\u00e4sairaalassa.<\/p>\n<hr \/>\n<p><img loading=\"lazy\" decoding=\"async\" class=\"wp-image-2826 alignright\" src=\"https:\/\/joukkosieessa.fi\/wp-content\/uploads\/2020\/02\/rautaristi-197x300.jpg\" alt=\"\" width=\"118\" height=\"180\" srcset=\"https:\/\/joukkosieessa.fi\/wp-content\/uploads\/2020\/02\/rautaristi-197x300.jpg 197w, https:\/\/joukkosieessa.fi\/wp-content\/uploads\/2020\/02\/rautaristi-462x705.jpg 462w, https:\/\/joukkosieessa.fi\/wp-content\/uploads\/2020\/02\/rautaristi-450x686.jpg 450w, https:\/\/joukkosieessa.fi\/wp-content\/uploads\/2020\/02\/rautaristi.jpg 469w\" sizes=\"auto, (max-width: 118px) 100vw, 118px\" \/><\/p>\n<h4><strong>311. Kadetti, reservin v\u00e4nrikki Jouko Urhola, 26.kadk, &#8211;<\/strong><\/h4>\n<ul>\n<li><strong>Joukkueen johtaja, KrhJ\/II\/3.Pr (II AK\/KarA)<\/strong><\/li>\n<li><strong>Kaatui Krivi, Maaselk\u00e4 11.2.1942<\/strong><\/li>\n<\/ul>\n<p>Prikaatin vallattua Krivin takaisin 7.2.42, se siirtyi puolustukseen aloittaen varusteluty\u00f6t samalla kun\u00a0vihollinen jatkoi h\u00e4irint\u00e4ammuntaa. Kadetti Urhola oli 11.2. kello 1130 valvomassa tulenjohtopaikan valmistelua, kun h\u00e4n kaatui saatuaan viereens\u00e4 tulleen vihollisen tykist\u00f6n kranaatin sirpaleen p\u00e4\u00e4h\u00e4ns\u00e4.<\/p>\n<hr \/>\n<p><img loading=\"lazy\" decoding=\"async\" class=\"wp-image-2098 alignright\" src=\"https:\/\/joukkosieessa.fi\/wp-content\/uploads\/2020\/01\/Supinen_Veikko-241x300.jpg\" alt=\"\" width=\"118\" height=\"147\" srcset=\"https:\/\/joukkosieessa.fi\/wp-content\/uploads\/2020\/01\/Supinen_Veikko-241x300.jpg 241w, https:\/\/joukkosieessa.fi\/wp-content\/uploads\/2020\/01\/Supinen_Veikko-768x956.jpg 768w, https:\/\/joukkosieessa.fi\/wp-content\/uploads\/2020\/01\/Supinen_Veikko-828x1030.jpg 828w, https:\/\/joukkosieessa.fi\/wp-content\/uploads\/2020\/01\/Supinen_Veikko-1206x1500.jpg 1206w, https:\/\/joukkosieessa.fi\/wp-content\/uploads\/2020\/01\/Supinen_Veikko-567x705.jpg 567w, https:\/\/joukkosieessa.fi\/wp-content\/uploads\/2020\/01\/Supinen_Veikko-450x560.jpg 450w, https:\/\/joukkosieessa.fi\/wp-content\/uploads\/2020\/01\/Supinen_Veikko.jpg 1515w\" sizes=\"auto, (max-width: 118px) 100vw, 118px\" \/><\/p>\n<h4><strong>312. Luutnantti Veikko Supinen, 14.mek (rt), 338 me<\/strong><\/h4>\n<ul>\n<li><strong>Joukkueen johtaja (patterin p\u00e4\u00e4llikk\u00f6, Lke6) \/\u00c4\u00e4nRPr (VII AK\/AunR)<\/strong><\/li>\n<li><strong>Katosi Salski, Vodlajoki, \u00c4\u00e4nisj\u00e4rvi 10.3.1942<\/strong><\/li>\n<\/ul>\n<p>\u00c4\u00e4nisen Rannikkoprikaati l\u00e4hetti 85-miehisen kaukopartion 8.3.42 \u00c4\u00e4nisen toiselle rannalle, Vodlajoen suulle, teht\u00e4v\u00e4n\u00e4 tuhota siell\u00e4 talvehtivat proomut sek\u00e4 syvemm\u00e4ll\u00e4 suistossa Salskin kyl\u00e4ss\u00e4 sijaitsevat asumukset asukkaineen. Vaikean etenemisen j\u00e4lkeen osasto aloitti hy\u00f6kk\u00e4yksen Salskin kyl\u00e4\u00e4n 10.3. kello 0400. Luutnantti Supinen, joka normaalisti oli 75\/50C-patterin p\u00e4\u00e4llikk\u00f6, johti joukkuetta, jonka teht\u00e4v\u00e4n\u00e4 oli kyl\u00e4ss\u00e4 olevien alusten tuhoaminen. Vihollisen konekiv\u00e4\u00e4ritulen alla joukkue hajaantui eik\u00e4 kukaan n\u00e4hnyt Supisen kaatuvan, mutta h\u00e4n ei palannut kaukopartion kokoontumispaikalle.<\/p>\n<hr \/>\n<p><a href=\"#_ednref1\" name=\"_edn1\"><\/a><\/p>\n<\/div><\/section><br \/>\n\n<style type=\"text\/css\" data-created_by=\"avia_inline_auto\" id=\"style-css-av-av_heading-8e3e8157497ce173d4ac4fc67b0a1b2a\">\n#top .av-special-heading.av-av_heading-8e3e8157497ce173d4ac4fc67b0a1b2a{\npadding-bottom:10px;\n}\nbody .av-special-heading.av-av_heading-8e3e8157497ce173d4ac4fc67b0a1b2a .av-special-heading-tag .heading-char{\nfont-size:25px;\n}\n.av-special-heading.av-av_heading-8e3e8157497ce173d4ac4fc67b0a1b2a .av-subheading{\nfont-size:15px;\n}\n<\/style>\n<div  class='av-special-heading av-av_heading-8e3e8157497ce173d4ac4fc67b0a1b2a av-special-heading-h3  avia-builder-el-7  el_after_av_textblock  el_before_av_textblock '><h3 class='av-special-heading-tag'  itemprop=\"headline\"  >L\u00c4HTEET<\/h3><div class=\"special-heading-border\"><div class=\"special-heading-inner-border\"><\/div><\/div><\/div><br \/>\n<section  class='av_textblock_section av-k7nt93de-dbced7c7867ae43fbea9a5b4976d9a7b '   itemscope=\"itemscope\" itemtype=\"https:\/\/schema.org\/CreativeWork\" ><div class='avia_textblock'  itemprop=\"text\" ><p>L\u00e4hteet esitetty kirjassa ja sen s\u00e4hk\u00f6isess\u00e4 versiossa (PDF) joka on ladattavissa Kadettikunnan ja t\u00e4m\u00e4n sivuston verkkosivuilta.<\/p>\n<\/div><\/section><br \/>\n\n<style type=\"text\/css\" data-created_by=\"avia_inline_auto\" id=\"style-css-av-k47j6vg7-d3fd1f40b5858f4982ee5b8d5d9dc574\">\n#top .avia_search_element.av-k47j6vg7-d3fd1f40b5858f4982ee5b8d5d9dc574 .av_searchform_wrapper{\nborder-radius:0px 0px 0px 0px;\n}\n#top .avia_search_element.av-k47j6vg7-d3fd1f40b5858f4982ee5b8d5d9dc574 #s.av-input-field{\nborder-radius:0px 0px 0px 0px;\n}\n#top .avia_search_element.av-k47j6vg7-d3fd1f40b5858f4982ee5b8d5d9dc574 .av_searchsubmit_wrapper{\nborder-radius:0px 0px 0px 0px;\n}\n#top .avia_search_element.av-k47j6vg7-d3fd1f40b5858f4982ee5b8d5d9dc574 #searchsubmit{\nborder-radius:0px 0px 0px 0px;\n}\n.ajax_search_response.av-k47j6vg7-d3fd1f40b5858f4982ee5b8d5d9dc574{\npadding:0px 0px 0px 0px;\nmargin:0px 0px 0px 0px;\n}\n<\/style>\n<div  class='avia_search_element av-k47j6vg7-d3fd1f40b5858f4982ee5b8d5d9dc574  avia-builder-el-9  el_after_av_textblock  avia-builder-el-last '><form action='https:\/\/joukkosieessa.fi\/' id='searchform_element' method='get' class='' data-element_id='av-k47j6vg7-d3fd1f40b5858f4982ee5b8d5d9dc574' ><div class='av_searchform_wrapper'><input type='text' value='' id='s' name='s' placeholder='Haku artikkeleista...' class='av-input-field av-input-hasicon' \/><span class='av-input-field-icon av-search-icon avia-font-entypo-fontello'>\ue803<\/span><div class='av_searchsubmit_wrapper '><input type='submit' value='HAE' id='searchsubmit' class='button ' \/><\/div><input type='hidden' name='numberposts' value='5' \/><input type='hidden' name='post_type' value='post' \/><input type='hidden' name='results_hide_fields' value='' \/><\/div><\/form><\/div><\/p><\/div>\n<style type=\"text\/css\" data-created_by=\"avia_inline_auto\" id=\"style-css-av-4xtshe-3974f6f6b48a0f855b4bba1241c8c723\">\n.flex_column.av-4xtshe-3974f6f6b48a0f855b4bba1241c8c723{\nborder-radius:0px 0px 0px 0px;\npadding:0px 0px 0px 0px;\n}\n<\/style>\n<div  class='flex_column av-4xtshe-3974f6f6b48a0f855b4bba1241c8c723 av_one_half  avia-builder-el-10  el_after_av_one_full  el_before_av_one_half  first flex_column_div av-zero-column-padding  column-top-margin'     ><div  class='avia-button-wrap av-k7npv4dc-e62b2127d8304998b92dbd765100554d-wrap avia-button-left  avia-builder-el-11  avia-builder-el-no-sibling '><a href='https:\/\/joukkosieessa.fi\/index.php\/sodan-aika\/jatkosota\/asemasota\/'  class='avia-button av-k7npv4dc-e62b2127d8304998b92dbd765100554d avia-icon_select-no avia-size-small avia-position-left avia-color-theme-color-highlight'  ><span class='avia_iconbox_title' >Asemasota<\/span><\/a><\/div><\/div><\/p>\n\n<style type=\"text\/css\" data-created_by=\"avia_inline_auto\" id=\"style-css-av-2844oi-a71927e3cd3904acb893eaf862328547\">\n.flex_column.av-2844oi-a71927e3cd3904acb893eaf862328547{\nborder-radius:0px 0px 0px 0px;\npadding:0px 0px 0px 0px;\n}\n<\/style>\n<div  class='flex_column av-2844oi-a71927e3cd3904acb893eaf862328547 av_one_half  avia-builder-el-12  el_after_av_one_half  avia-builder-el-last  flex_column_div av-zero-column-padding  column-top-margin'     ><div  class='avia-button-wrap av-k7npvhl5-30a8d919fc3068bcd28ebdd3fd7b19bf-wrap avia-button-right  avia-builder-el-13  avia-builder-el-no-sibling '><a href='https:\/\/joukkosieessa.fi\/index.php\/sodan-aika\/jatkosota\/asemasota\/huhti-toukokuu-1942\/'  class='avia-button av-k7npvhl5-30a8d919fc3068bcd28ebdd3fd7b19bf avia-icon_select-no avia-size-small avia-position-right avia-color-theme-color-highlight'  ><span class='avia_iconbox_title' >Huhti-, toukokuu 1942<\/span><\/a><\/div><\/div>\n","protected":false},"excerpt":{"rendered":"","protected":false},"author":1,"featured_media":0,"parent":1952,"menu_order":1,"comment_status":"closed","ping_status":"closed","template":"","meta":{"footnotes":""},"class_list":["post-1970","page","type-page","status-publish","hentry"],"_links":{"self":[{"href":"https:\/\/joukkosieessa.fi\/index.php\/wp-json\/wp\/v2\/pages\/1970","targetHints":{"allow":["GET"]}}],"collection":[{"href":"https:\/\/joukkosieessa.fi\/index.php\/wp-json\/wp\/v2\/pages"}],"about":[{"href":"https:\/\/joukkosieessa.fi\/index.php\/wp-json\/wp\/v2\/types\/page"}],"author":[{"embeddable":true,"href":"https:\/\/joukkosieessa.fi\/index.php\/wp-json\/wp\/v2\/users\/1"}],"replies":[{"embeddable":true,"href":"https:\/\/joukkosieessa.fi\/index.php\/wp-json\/wp\/v2\/comments?post=1970"}],"version-history":[{"count":16,"href":"https:\/\/joukkosieessa.fi\/index.php\/wp-json\/wp\/v2\/pages\/1970\/revisions"}],"predecessor-version":[{"id":3962,"href":"https:\/\/joukkosieessa.fi\/index.php\/wp-json\/wp\/v2\/pages\/1970\/revisions\/3962"}],"up":[{"embeddable":true,"href":"https:\/\/joukkosieessa.fi\/index.php\/wp-json\/wp\/v2\/pages\/1952"}],"wp:attachment":[{"href":"https:\/\/joukkosieessa.fi\/index.php\/wp-json\/wp\/v2\/media?parent=1970"}],"curies":[{"name":"wp","href":"https:\/\/api.w.org\/{rel}","templated":true}]}}