{"id":1999,"date":"2020-01-06T13:43:48","date_gmt":"2020-01-06T13:43:48","guid":{"rendered":"https:\/\/joukkosieessa.fi\/?page_id=1999"},"modified":"2020-09-21T08:49:58","modified_gmt":"2020-09-21T08:49:58","slug":"touko-kesakuu-1944","status":"publish","type":"page","link":"https:\/\/joukkosieessa.fi\/index.php\/sodan-aika\/jatkosota\/asemasota\/touko-kesakuu-1944\/","title":{"rendered":"Touko-, kes\u00e4kuu 1944"},"content":{"rendered":"<div id='full_slider_1'  class='avia-fullwidth-slider main_color avia-shadow   avia-builder-el-0  el_before_av_one_full  avia-builder-el-first   container_wrap sidebar_right'  >\n<style type=\"text\/css\" data-created_by=\"avia_inline_auto\" id=\"style-css-av-akhp-b6f614b8154ad80be0284d699659eb53\">\n#top .avia-slideshow .av-slideshow-caption.av-akhp-b6f614b8154ad80be0284d699659eb53__0 .avia-caption-content{\nfont-size:14px;\n}\n#top .avia-slideshow .av-slideshow-caption.av-akhp-b6f614b8154ad80be0284d699659eb53__0 .avia-caption-content p{\nfont-size:14px;\n}\n<\/style>\n<div  class='avia-slideshow av-akhp-b6f614b8154ad80be0284d699659eb53 avia-slideshow-featured av_slideshow_full avia-slide-slider av-slideshow-ui av-control-default av-slideshow-manual av-loop-once av-loop-manual-endless av-default-height-applied   avia-slideshow-1' data-slideshow-options=\"{&quot;animation&quot;:&quot;slide&quot;,&quot;autoplay&quot;:false,&quot;loop_autoplay&quot;:&quot;once&quot;,&quot;interval&quot;:5,&quot;loop_manual&quot;:&quot;manual-endless&quot;,&quot;autoplay_stopper&quot;:false,&quot;noNavigation&quot;:false,&quot;bg_slider&quot;:false,&quot;keep_padding&quot;:false,&quot;hoverpause&quot;:false,&quot;show_slide_delay&quot;:0}\"  itemprop=\"image\" itemscope=\"itemscope\" itemtype=\"https:\/\/schema.org\/ImageObject\" ><ul class='avia-slideshow-inner ' style='padding-bottom: 28.666666666667%;'><li  class='avia-slideshow-slide av-akhp-b6f614b8154ad80be0284d699659eb53__0  av-single-slide slide-1 slide-odd'><div data-rel='slideshow-1' class='avia-slide-wrap '   ><div class='av-slideshow-caption av-akhp-b6f614b8154ad80be0284d699659eb53__0 caption_fullwidth caption_bottom caption_bottom_framed caption_framed'><div class=\"container caption_container\"><div class=\"slideshow_caption\"><div class=\"slideshow_inner_caption\"><div class=\"slideshow_align_caption\"><div class='avia-caption-content '  itemprop=\"description\" ><p>RYNN\u00c4KK\u00d6TYKKIPATALJOONAN 2. KOMPPANIAN P\u00c4\u00c4LLIKK\u00d6, KAPTEENI WERNER VON TROIL (24.KADK)<br \/>\nKOMENTOVAUNUNSA PS. 531-1:N TORNISSA ENSON PARAATISSA 4.6.1944.<\/p>\n<\/div><\/div><\/div><\/div><\/div><\/div><img fetchpriority=\"high\" class=\"wp-image-3439 avia-img-lazy-loading-not-3439\"  src='https:\/\/joukkosieessa.fi\/wp-content\/uploads\/2020\/03\/Tammi_Helmikuu1944-2-1500x430.jpg' width='1500' height='430' title='Tammi_Helmikuu1944' alt=''  itemprop=\"thumbnailUrl\"   \/><\/div><\/li><\/ul><\/div><\/div><div id='after_full_slider_1'  class='main_color av_default_container_wrap container_wrap sidebar_right'  ><div class='container av-section-cont-open' ><div class='template-page content  av-content-small alpha units'><div class='post-entry post-entry-type-page post-entry-1999'><div class='entry-content-wrapper clearfix'>\n\n<style type=\"text\/css\" data-created_by=\"avia_inline_auto\" id=\"style-css-av-4k1r-3ed26eaf4f9e1fe5afee569a008105ec\">\n.flex_column.av-4k1r-3ed26eaf4f9e1fe5afee569a008105ec{\nborder-radius:0px 0px 0px 0px;\npadding:0px 0px 10px 10px;\n}\n<\/style>\n<div  class='flex_column av-4k1r-3ed26eaf4f9e1fe5afee569a008105ec av_one_full  avia-builder-el-1  el_after_av_slideshow_full  el_before_av_one_half  avia-builder-el-first  first flex_column_div  '     ><p>\n<style type=\"text\/css\" data-created_by=\"avia_inline_auto\" id=\"style-css-av-av_heading-58cc3902ecdac2dbf472fc14ebdd6223\">\n#top .av-special-heading.av-av_heading-58cc3902ecdac2dbf472fc14ebdd6223{\nmargin:0 0 -5px 0;\npadding-bottom:0;\n}\nbody .av-special-heading.av-av_heading-58cc3902ecdac2dbf472fc14ebdd6223 .av-special-heading-tag .heading-char{\nfont-size:25px;\n}\n.av-special-heading.av-av_heading-58cc3902ecdac2dbf472fc14ebdd6223 .av-subheading{\nfont-size:15px;\n}\n<\/style>\n<div  class='av-special-heading av-av_heading-58cc3902ecdac2dbf472fc14ebdd6223 av-special-heading-h1  avia-builder-el-2  el_before_av_heading  avia-builder-el-first '><h1 class='av-special-heading-tag'  itemprop=\"headline\"  >Touko-, kes\u00e4kuu 1944<\/h1><div class=\"special-heading-border\"><div class=\"special-heading-inner-border\"><\/div><\/div><\/div><br \/>\n\n<style type=\"text\/css\" data-created_by=\"avia_inline_auto\" id=\"style-css-av-kfcagvub-fc84f67e268ddb9d245c6730a756d02b\">\n#top .av-special-heading.av-kfcagvub-fc84f67e268ddb9d245c6730a756d02b{\nmargin:0 0 10px 0;\npadding-bottom:10px;\n}\nbody .av-special-heading.av-kfcagvub-fc84f67e268ddb9d245c6730a756d02b .av-special-heading-tag .heading-char{\nfont-size:25px;\n}\n.av-special-heading.av-kfcagvub-fc84f67e268ddb9d245c6730a756d02b .av-subheading{\nfont-size:15px;\n}\n<\/style>\n<div  class='av-special-heading av-kfcagvub-fc84f67e268ddb9d245c6730a756d02b av-special-heading-h2  avia-builder-el-3  el_after_av_heading  el_before_av_textblock '><h2 class='av-special-heading-tag'  itemprop=\"headline\"  >MENEHTYNEET KADETTIUPSEERIT JA KADETIT<\/h2><div class=\"special-heading-border\"><div class=\"special-heading-inner-border\"><\/div><\/div><\/div><br \/>\n\n<style type=\"text\/css\" data-created_by=\"avia_inline_auto\" id=\"style-css-av-3o2n-f8ecf9facd2b0c750a152e7b87905b4d\">\n#top .av_textblock_section.av-3o2n-f8ecf9facd2b0c750a152e7b87905b4d .avia_textblock{\nfont-size:15px;\n}\n<\/style>\n<section  class='av_textblock_section av-3o2n-f8ecf9facd2b0c750a152e7b87905b4d '   itemscope=\"itemscope\" itemtype=\"https:\/\/schema.org\/CreativeWork\" ><div class='avia_textblock'  itemprop=\"text\" ><p><strong><img loading=\"lazy\" decoding=\"async\" class=\"wp-image-3091 alignright\" style=\"font-weight: 400;\" src=\"https:\/\/joukkosieessa.fi\/wp-content\/uploads\/2020\/02\/Savonheimo_Eino-241x300.jpg\" alt=\"\" width=\"121\" height=\"151\" srcset=\"https:\/\/joukkosieessa.fi\/wp-content\/uploads\/2020\/02\/Savonheimo_Eino-241x300.jpg 241w, https:\/\/joukkosieessa.fi\/wp-content\/uploads\/2020\/02\/Savonheimo_Eino.jpg 446w\" sizes=\"auto, (max-width: 121px) 100vw, 121px\" \/><\/strong><\/p>\n<h4><strong>401. Yleisesikuntaeverstiluutnantti Eino Savonheimo, 3.kadk, 125<\/strong><\/h4>\n<ul>\n<li><strong>Toipilas (yleisesikuntaupseeri, SaiSkpE)<\/strong><\/li>\n<li><strong>Kuoli sairauteen 17.SotaS Mikkeli 6.5.1944<\/strong><\/li>\n<\/ul>\n<p>Everstiluutnantti Savonheimo sairastui syyskuussa 1943 ollessaan III\/KTR12 komentajana ja oli hoidettavana sotasairaalassa tammikuuhun 1944, jonka\u00a0j\u00e4lkeen h\u00e4net siirrettiin kotijoukkoihin ja edelleen nimellisesti Saimaan Suojeluskuntapiirin kirjoille. Savonheimo kuoli kurkkutulehdukseen sotasairaalassa 6.5.44.<\/p>\n<hr \/>\n<p><img loading=\"lazy\" decoding=\"async\" class=\"wp-image-2148 alignright\" src=\"https:\/\/joukkosieessa.fi\/wp-content\/uploads\/2020\/01\/Salovaara_Martti-237x300.jpg\" alt=\"\" width=\"118\" height=\"149\" srcset=\"https:\/\/joukkosieessa.fi\/wp-content\/uploads\/2020\/01\/Salovaara_Martti-237x300.jpg 237w, https:\/\/joukkosieessa.fi\/wp-content\/uploads\/2020\/01\/Salovaara_Martti-768x973.jpg 768w, https:\/\/joukkosieessa.fi\/wp-content\/uploads\/2020\/01\/Salovaara_Martti-813x1030.jpg 813w, https:\/\/joukkosieessa.fi\/wp-content\/uploads\/2020\/01\/Salovaara_Martti-1183x1500.jpg 1183w, https:\/\/joukkosieessa.fi\/wp-content\/uploads\/2020\/01\/Salovaara_Martti-556x705.jpg 556w, https:\/\/joukkosieessa.fi\/wp-content\/uploads\/2020\/01\/Salovaara_Martti-450x570.jpg 450w, https:\/\/joukkosieessa.fi\/wp-content\/uploads\/2020\/01\/Salovaara_Martti.jpg 1533w\" sizes=\"auto, (max-width: 118px) 100vw, 118px\" \/><\/p>\n<h4><strong>402. Luutnantti Martti Salovaara, 25.kadk, 2145<\/strong><\/h4>\n<ul>\n<li><strong>Ohjaaja, 3.Ltue\/HLeLv24\/LeR3<\/strong><\/li>\n<li><strong>Kuoli lento-onnettomuudessa Suulaj\u00e4rvi, Muolaa 12.5.1944<\/strong><\/li>\n<\/ul>\n<p>Lentueen varap\u00e4\u00e4llik\u00f6n, luutnantti Salovaaran johtama Messerschmitt-parvi oli 12.5.44 kello 1215 l\u00e4hd\u00f6ss\u00e4 torjuntalennolle Suulaj\u00e4rven kent\u00e4lt\u00e4. Salovaara rullasi MT-236-koneensa jonkin matkan p\u00e4\u00e4h\u00e4n konekorsusta ja pys\u00e4htyi hetkeksi koek\u00e4ytt\u00e4m\u00e4\u00e4n moottoria, jolloin kone peittyi sakeaan p\u00f6lypilveen ja takana tullut siipikone ajoi Salovaaran koneen p\u00e4\u00e4lle Salovaaran saadessa v\u00e4litt\u00f6m\u00e4sti surmansa.<\/p>\n<p>Salovaaran veli, v\u00e4nrikki Jorma Salovaara (kadk 20), kaatui 17.12.39.<\/p>\n<hr \/>\n<h4><img loading=\"lazy\" decoding=\"async\" class=\"wp-image-2328 alignright\" src=\"https:\/\/joukkosieessa.fi\/wp-content\/uploads\/2020\/01\/H%C3%A4kkinen-Toivo-090504-293x300.jpg\" alt=\"\" width=\"118\" height=\"121\" \/><strong>403. Majuri, Mannerheim-ristin ritari Toivo H\u00e4kkinen, 10.kadk, 565<\/strong><\/h4>\n<ul>\n<li><strong>Toipilas (kurssin johtaja\/JvKoulKesk3)<\/strong><\/li>\n<li><strong>Kuoli sairauteen 13.SotaS Viipuri 15.5.1944<\/strong><\/li>\n<\/ul>\n<p>Majuri H\u00e4kkinen haavoittui Poventsassa 9.1.42 vaikeasti pienoisheittimen kranaatin sirpaleista p\u00e4\u00e4h\u00e4n toimiessaan J\u00e4\u00e4k\u00e4ripataljoona 2:n komentajana.\u00a0H\u00e4kkinen ei en\u00e4\u00e4 t\u00e4m\u00e4n j\u00e4lkeen kyennyt rintamapalvelukseen ollen ensin koulutusupseerina ja sitten ryhm\u00e4njohtajakurssin johtajana Jalkav\u00e4en Koulutuskeskus 3:ssa. H\u00e4n sairastui kes\u00e4kuussa -43 ollen siit\u00e4 asti hoidettavana Viipurin sotasairaalassa, jossa kuoli 15.5.44 keuhkotautiin.<\/p>\n<hr \/>\n<p><img loading=\"lazy\" decoding=\"async\" class=\"wp-image-2555 alignright\" src=\"https:\/\/joukkosieessa.fi\/wp-content\/uploads\/2020\/01\/Maunula-Auvo-Herman-Toivo-070607-223x300.jpg\" alt=\"\" width=\"118\" height=\"159\" srcset=\"https:\/\/joukkosieessa.fi\/wp-content\/uploads\/2020\/01\/Maunula-Auvo-Herman-Toivo-070607-223x300.jpg 223w, https:\/\/joukkosieessa.fi\/wp-content\/uploads\/2020\/01\/Maunula-Auvo-Herman-Toivo-070607.jpg 307w\" sizes=\"auto, (max-width: 118px) 100vw, 118px\" \/><\/p>\n<h4><strong>404. Majuri, Mannerheim-ristin ritari Auvo Maunula, 10.kadk, 635<\/strong><\/h4>\n<ul>\n<li><strong>Laivueen komentaja, HLeLv28\/LeR2<\/strong><\/li>\n<li><strong>Kuoli lento-onnettomuudessa P\u00e4ll\u00e4j\u00e4rvi, Hirvas, Kontupohja 17.5.1944<\/strong><\/li>\n<\/ul>\n<p>Majuri Maunula oli suorittamassa ilmataisteluharjoitusta 17.5.44 kello 1440, kun h\u00e4nen Morane Saulnier MS-628-koneensa meni sy\u00f6ksyst\u00e4 oikaistaessa\u00a0virheliikkeest\u00e4 sy\u00f6ksykierteeseen ja putosi P\u00e4ll\u00e4j\u00e4rveen Maunulan saadessa v\u00e4litt\u00f6m\u00e4sti surmansa.<\/p>\n<hr \/>\n<p><img loading=\"lazy\" decoding=\"async\" class=\" wp-image-2919 alignright\" src=\"https:\/\/joukkosieessa.fi\/wp-content\/uploads\/2020\/02\/Ukkonen_Leo-224x300.jpg\" alt=\"\" width=\"120\" height=\"161\" srcset=\"https:\/\/joukkosieessa.fi\/wp-content\/uploads\/2020\/02\/Ukkonen_Leo-224x300.jpg 224w, https:\/\/joukkosieessa.fi\/wp-content\/uploads\/2020\/02\/Ukkonen_Leo-768x1028.jpg 768w, https:\/\/joukkosieessa.fi\/wp-content\/uploads\/2020\/02\/Ukkonen_Leo-769x1030.jpg 769w, https:\/\/joukkosieessa.fi\/wp-content\/uploads\/2020\/02\/Ukkonen_Leo-1120x1500.jpg 1120w, https:\/\/joukkosieessa.fi\/wp-content\/uploads\/2020\/02\/Ukkonen_Leo-526x705.jpg 526w, https:\/\/joukkosieessa.fi\/wp-content\/uploads\/2020\/02\/Ukkonen_Leo-450x603.jpg 450w, https:\/\/joukkosieessa.fi\/wp-content\/uploads\/2020\/02\/Ukkonen_Leo.jpg 1162w\" sizes=\"auto, (max-width: 120px) 100vw, 120px\" \/><\/p>\n<h4><strong>405. Luutnantti Leo Ukkonen, 26.kadk, 2340<\/strong><\/h4>\n<ul>\n<li><strong>Ohjaaja, 1.Ltue\/TLeLv14<\/strong><\/li>\n<li><strong>Kaatui Ielj\u00e4rvi, Rukaj\u00e4rvi 2.6.1944<\/strong><\/li>\n<\/ul>\n<p>Luutnantti Ukkonen oli 2.6.44 mukana nelj\u00e4n Morane Saulnier -koneen parvessa tiedustelulennolla\u00a0Kuutsj\u00e4rven ja Ielj\u00e4rven v\u00e4lisell\u00e4 alueella, kun osasto kohtasi kello 1825 toistakymment\u00e4 vihollish\u00e4vitt\u00e4j\u00e4\u00e4. Syntyneess\u00e4 taistelussa viholliskone onnistui ampumaan Ukkosen MS-603:n tuleen. Ukkonen yritti pelastautua laskuvarjolla, mutta varjo oli syttynyt tuleen ja h\u00e4n sy\u00f6ksyi maahan. Ukkosen ruumis j\u00e4i kent\u00e4lle.<\/p>\n<hr \/>\n<p><strong><img loading=\"lazy\" decoding=\"async\" class=\"wp-image-3092 alignright\" style=\"font-weight: 400;\" src=\"https:\/\/joukkosieessa.fi\/wp-content\/uploads\/2020\/02\/Haartman_von_Erik-223x300.jpg\" alt=\"\" width=\"112\" height=\"151\" srcset=\"https:\/\/joukkosieessa.fi\/wp-content\/uploads\/2020\/02\/Haartman_von_Erik-223x300.jpg 223w, https:\/\/joukkosieessa.fi\/wp-content\/uploads\/2020\/02\/Haartman_von_Erik-768x1031.jpg 768w, https:\/\/joukkosieessa.fi\/wp-content\/uploads\/2020\/02\/Haartman_von_Erik-767x1030.jpg 767w, https:\/\/joukkosieessa.fi\/wp-content\/uploads\/2020\/02\/Haartman_von_Erik-1117x1500.jpg 1117w, https:\/\/joukkosieessa.fi\/wp-content\/uploads\/2020\/02\/Haartman_von_Erik-525x705.jpg 525w, https:\/\/joukkosieessa.fi\/wp-content\/uploads\/2020\/02\/Haartman_von_Erik-450x604.jpg 450w, https:\/\/joukkosieessa.fi\/wp-content\/uploads\/2020\/02\/Haartman_von_Erik.jpg 1360w\" sizes=\"auto, (max-width: 112px) 100vw, 112px\" \/><\/strong><\/p>\n<h4><strong>406. Kapteeniluutnantti Nils-Erik von Haartman, 7.mek, 134 me<\/strong><\/h4>\n<ul>\n<li><strong>Ei vakinaisessa palveluksessa<\/strong><\/li>\n<li><strong>Kuoli sairauteen Tukholma 7.6.1944<\/strong><\/li>\n<\/ul>\n<p>Kapteeniluutnantti von Haartman sairastui keuhkotautiin kes\u00e4ll\u00e4 -42 ja oli hoidettavana sotasairaalassa kev\u00e4\u00e4seen -43, jolloin h\u00e4net vapautettiin\u00a0palveluksesta sairauden perusteella. Haartman kuoli keuhkotautiin Tukholmassa 7.6.44.<\/p>\n<hr \/>\n<h4><\/h4>\n<p><em>\u00a0<\/em><\/p>\n<div id=\"attachment_3844\" style=\"width: 668px\" class=\"wp-caption aligncenter\"><img loading=\"lazy\" decoding=\"async\" aria-describedby=\"caption-attachment-3844\" class=\"wp-image-3844\" src=\"https:\/\/joukkosieessa.fi\/wp-content\/uploads\/2020\/03\/Jatkosota15-1-300x202.jpg\" alt=\"\" width=\"658\" height=\"443\" srcset=\"https:\/\/joukkosieessa.fi\/wp-content\/uploads\/2020\/03\/Jatkosota15-1-300x202.jpg 300w, https:\/\/joukkosieessa.fi\/wp-content\/uploads\/2020\/03\/Jatkosota15-1-1030x694.jpg 1030w, https:\/\/joukkosieessa.fi\/wp-content\/uploads\/2020\/03\/Jatkosota15-1-768x518.jpg 768w, https:\/\/joukkosieessa.fi\/wp-content\/uploads\/2020\/03\/Jatkosota15-1-1536x1036.jpg 1536w, https:\/\/joukkosieessa.fi\/wp-content\/uploads\/2020\/03\/Jatkosota15-1-2048x1381.jpg 2048w, https:\/\/joukkosieessa.fi\/wp-content\/uploads\/2020\/03\/Jatkosota15-1-1500x1011.jpg 1500w, https:\/\/joukkosieessa.fi\/wp-content\/uploads\/2020\/03\/Jatkosota15-1-705x475.jpg 705w, https:\/\/joukkosieessa.fi\/wp-content\/uploads\/2020\/03\/Jatkosota15-1-450x303.jpg 450w\" sizes=\"auto, (max-width: 658px) 100vw, 658px\" \/><p id=\"caption-attachment-3844\" class=\"wp-caption-text\">Uusien sy\u00f6ksytykkien esittely Suomen Marsalkka Mannerheimille ja Tasavallan Presidentille. Sy\u00f6ksytykkien ohimarssi katselmuksessa. Enso 4.6.1944<\/p><\/div>\n<p><strong>Rynn\u00e4kk\u00f6tykkipataljoonan 2. komppanian p\u00e4\u00e4llikk\u00f6, kapteeni Werner von Troil (24.kadk) komentovaununsa Ps. 531-1:n tornissa Enson paraatissa 4.6.1944. Von Troil kaatui Kuutersel\u00e4ss\u00e4 15.6.1944 ollessaan vaununsa ulkopuolella k\u00e4skynannossa.<\/strong><a href=\"#_ednref1\" name=\"_edn1\"><\/a><\/p>\n<\/div><\/section><br \/>\n\n<style type=\"text\/css\" data-created_by=\"avia_inline_auto\" id=\"style-css-av-av_heading-5499b5c920e3bd77c1b5b84f0a9a30a8\">\n#top .av-special-heading.av-av_heading-5499b5c920e3bd77c1b5b84f0a9a30a8{\nmargin:0 0 10px 0;\npadding-bottom:10px;\n}\nbody .av-special-heading.av-av_heading-5499b5c920e3bd77c1b5b84f0a9a30a8 .av-special-heading-tag .heading-char{\nfont-size:25px;\n}\n.av-special-heading.av-av_heading-5499b5c920e3bd77c1b5b84f0a9a30a8 .av-subheading{\nfont-size:15px;\n}\n<\/style>\n<div  class='av-special-heading av-av_heading-5499b5c920e3bd77c1b5b84f0a9a30a8 av-special-heading-h2  avia-builder-el-5  el_after_av_textblock  el_before_av_textblock '><h2 class='av-special-heading-tag'  itemprop=\"headline\"  >L\u00e4hteet<\/h2><div class=\"special-heading-border\"><div class=\"special-heading-inner-border\"><\/div><\/div><\/div><br \/>\n<section  class='av_textblock_section av-k7ntl8j0-fc6f86bf8a655058b5b864a9c696cb13 '   itemscope=\"itemscope\" itemtype=\"https:\/\/schema.org\/CreativeWork\" ><div class='avia_textblock'  itemprop=\"text\" ><p>L\u00e4hteet esitetty kirjassa ja sen s\u00e4hk\u00f6isess\u00e4 versiossa (PDF) joka on ladattavissa Kadettikunnan ja t\u00e4m\u00e4n sivuston verkkosivuilta.<\/p>\n<\/div><\/section><br \/>\n\n<style type=\"text\/css\" data-created_by=\"avia_inline_auto\" id=\"style-css-av-k47j6vg7-d3fd1f40b5858f4982ee5b8d5d9dc574\">\n#top .avia_search_element.av-k47j6vg7-d3fd1f40b5858f4982ee5b8d5d9dc574 .av_searchform_wrapper{\nborder-radius:0px 0px 0px 0px;\n}\n#top .avia_search_element.av-k47j6vg7-d3fd1f40b5858f4982ee5b8d5d9dc574 #s.av-input-field{\nborder-radius:0px 0px 0px 0px;\n}\n#top .avia_search_element.av-k47j6vg7-d3fd1f40b5858f4982ee5b8d5d9dc574 .av_searchsubmit_wrapper{\nborder-radius:0px 0px 0px 0px;\n}\n#top .avia_search_element.av-k47j6vg7-d3fd1f40b5858f4982ee5b8d5d9dc574 #searchsubmit{\nborder-radius:0px 0px 0px 0px;\n}\n.ajax_search_response.av-k47j6vg7-d3fd1f40b5858f4982ee5b8d5d9dc574{\npadding:0px 0px 0px 0px;\nmargin:0px 0px 0px 0px;\n}\n<\/style>\n<div  class='avia_search_element av-k47j6vg7-d3fd1f40b5858f4982ee5b8d5d9dc574  avia-builder-el-7  el_after_av_textblock  avia-builder-el-last '><form action='https:\/\/joukkosieessa.fi\/' id='searchform_element' method='get' class='' data-element_id='av-k47j6vg7-d3fd1f40b5858f4982ee5b8d5d9dc574' ><div class='av_searchform_wrapper'><input type='text' value='' id='s' name='s' placeholder='Haku artikkeleista...' class='av-input-field av-input-hasicon' \/><span class='av-input-field-icon av-search-icon avia-font-entypo-fontello'>\ue803<\/span><div class='av_searchsubmit_wrapper '><input type='submit' value='HAE' id='searchsubmit' class='button ' \/><\/div><input type='hidden' name='numberposts' value='5' \/><input type='hidden' name='post_type' value='post' \/><input type='hidden' name='results_hide_fields' value='' \/><\/div><\/form><\/div><\/p><\/div>\n<style type=\"text\/css\" data-created_by=\"avia_inline_auto\" id=\"style-css-av-4jslrz-6c94ed52a6e9104f331f4cab4fa78249\">\n.flex_column.av-4jslrz-6c94ed52a6e9104f331f4cab4fa78249{\nborder-radius:0px 0px 0px 0px;\npadding:0px 0px 0px 0px;\n}\n<\/style>\n<div  class='flex_column av-4jslrz-6c94ed52a6e9104f331f4cab4fa78249 av_one_half  avia-builder-el-8  el_after_av_one_full  el_before_av_one_half  first flex_column_div av-zero-column-padding  column-top-margin'     ><div  class='avia-button-wrap av-k7nrxw2r-ef5b8816b025c2fad1a6817d00292bf6-wrap avia-button-left  avia-builder-el-9  avia-builder-el-no-sibling '><a href='https:\/\/joukkosieessa.fi\/index.php\/sodan-aika\/jatkosota\/asemasota\/maalis-huhtikuu-1944\/'  class='avia-button av-k7nrxw2r-ef5b8816b025c2fad1a6817d00292bf6 avia-icon_select-no avia-size-small avia-position-left avia-color-theme-color-highlight'  ><span class='avia_iconbox_title' >Maalis-, huhtikuu 1944<\/span><\/a><\/div><\/div><\/p>\n\n<style type=\"text\/css\" data-created_by=\"avia_inline_auto\" id=\"style-css-av-38tpv3-9e3222dfc4b02c84247ed4810a7c2a2b\">\n.flex_column.av-38tpv3-9e3222dfc4b02c84247ed4810a7c2a2b{\nborder-radius:0px 0px 0px 0px;\npadding:0px 0px 0px 0px;\n}\n<\/style>\n<div  class='flex_column av-38tpv3-9e3222dfc4b02c84247ed4810a7c2a2b av_one_half  avia-builder-el-10  el_after_av_one_half  avia-builder-el-last  flex_column_div av-zero-column-padding  column-top-margin'     ><div  class='avia-button-wrap av-k7nrypr8-1a658ba2660ed89f854e1a9aff51d4ab-wrap avia-button-right  avia-builder-el-11  avia-builder-el-no-sibling '><a href='https:\/\/joukkosieessa.fi\/index.php\/sodan-aika\/jatkosota\/suurhyokkays\/'  class='avia-button av-k7nrypr8-1a658ba2660ed89f854e1a9aff51d4ab avia-icon_select-no avia-size-small avia-position-right avia-color-theme-color-highlight'  ><span class='avia_iconbox_title' >Suurhy\u00f6kk\u00e4ys<\/span><\/a><\/div><\/div>\n","protected":false},"excerpt":{"rendered":"","protected":false},"author":1,"featured_media":0,"parent":1952,"menu_order":15,"comment_status":"closed","ping_status":"closed","template":"","meta":{"footnotes":""},"class_list":["post-1999","page","type-page","status-publish","hentry"],"_links":{"self":[{"href":"https:\/\/joukkosieessa.fi\/index.php\/wp-json\/wp\/v2\/pages\/1999","targetHints":{"allow":["GET"]}}],"collection":[{"href":"https:\/\/joukkosieessa.fi\/index.php\/wp-json\/wp\/v2\/pages"}],"about":[{"href":"https:\/\/joukkosieessa.fi\/index.php\/wp-json\/wp\/v2\/types\/page"}],"author":[{"embeddable":true,"href":"https:\/\/joukkosieessa.fi\/index.php\/wp-json\/wp\/v2\/users\/1"}],"replies":[{"embeddable":true,"href":"https:\/\/joukkosieessa.fi\/index.php\/wp-json\/wp\/v2\/comments?post=1999"}],"version-history":[{"count":19,"href":"https:\/\/joukkosieessa.fi\/index.php\/wp-json\/wp\/v2\/pages\/1999\/revisions"}],"predecessor-version":[{"id":3987,"href":"https:\/\/joukkosieessa.fi\/index.php\/wp-json\/wp\/v2\/pages\/1999\/revisions\/3987"}],"up":[{"embeddable":true,"href":"https:\/\/joukkosieessa.fi\/index.php\/wp-json\/wp\/v2\/pages\/1952"}],"wp:attachment":[{"href":"https:\/\/joukkosieessa.fi\/index.php\/wp-json\/wp\/v2\/media?parent=1999"}],"curies":[{"name":"wp","href":"https:\/\/api.w.org\/{rel}","templated":true}]}}