{"id":2016,"date":"2020-01-06T15:00:29","date_gmt":"2020-01-06T15:00:29","guid":{"rendered":"https:\/\/joukkosieessa.fi\/?page_id=2016"},"modified":"2020-09-21T08:51:19","modified_gmt":"2020-09-21T08:51:19","slug":"elokuu-1944","status":"publish","type":"page","link":"https:\/\/joukkosieessa.fi\/index.php\/sodan-aika\/jatkosota\/suurhyokkays\/elokuu-1944\/","title":{"rendered":"Elokuu 1944"},"content":{"rendered":"<div id='full_slider_1'  class='avia-fullwidth-slider main_color avia-shadow   avia-builder-el-0  el_before_av_one_full  avia-builder-el-first   container_wrap sidebar_right'  >\n<style type=\"text\/css\" data-created_by=\"avia_inline_auto\" id=\"style-css-av-akhp-b6f614b8154ad80be0284d699659eb53\">\n#top .avia-slideshow .av-slideshow-caption.av-akhp-b6f614b8154ad80be0284d699659eb53__0 .avia-caption-content{\nfont-size:14px;\n}\n#top .avia-slideshow .av-slideshow-caption.av-akhp-b6f614b8154ad80be0284d699659eb53__0 .avia-caption-content p{\nfont-size:14px;\n}\n<\/style>\n<div  class='avia-slideshow av-akhp-b6f614b8154ad80be0284d699659eb53 avia-slideshow-featured av_slideshow_full avia-slide-slider av-slideshow-ui av-control-default av-slideshow-manual av-loop-once av-loop-manual-endless av-default-height-applied   avia-slideshow-1' data-slideshow-options=\"{&quot;animation&quot;:&quot;slide&quot;,&quot;autoplay&quot;:false,&quot;loop_autoplay&quot;:&quot;once&quot;,&quot;interval&quot;:5,&quot;loop_manual&quot;:&quot;manual-endless&quot;,&quot;autoplay_stopper&quot;:false,&quot;noNavigation&quot;:false,&quot;bg_slider&quot;:false,&quot;keep_padding&quot;:false,&quot;hoverpause&quot;:false,&quot;show_slide_delay&quot;:0}\"  itemprop=\"image\" itemscope=\"itemscope\" itemtype=\"https:\/\/schema.org\/ImageObject\" ><ul class='avia-slideshow-inner ' style='padding-bottom: 28.666666666667%;'><li  class='avia-slideshow-slide av-akhp-b6f614b8154ad80be0284d699659eb53__0  av-single-slide slide-1 slide-odd'><div data-rel='slideshow-1' class='avia-slide-wrap '   ><div class='av-slideshow-caption av-akhp-b6f614b8154ad80be0284d699659eb53__0 caption_fullwidth caption_bottom caption_bottom_framed caption_framed'><div class=\"container caption_container\"><div class=\"slideshow_caption\"><div class=\"slideshow_inner_caption\"><div class=\"slideshow_align_caption\"><div class='avia-caption-content '  itemprop=\"description\" ><p>15. Prikaatin joukkoja Kemin etel\u00e4puolella 7.10.1944 kello 1000 matkalla hy\u00f6kk\u00e4ysvalmiusasemiin.<\/p>\n<\/div><\/div><\/div><\/div><\/div><\/div><img fetchpriority=\"high\" class=\"wp-image-3487 avia-img-lazy-loading-not-3487\"  src='https:\/\/joukkosieessa.fi\/wp-content\/uploads\/2020\/03\/Suurhy\u00f6kk\u00e4ys5-1500x430.jpg' width='1500' height='430' title='Suurhy\u00f6kk\u00e4ys5' alt=''  itemprop=\"thumbnailUrl\"   \/><\/div><\/li><\/ul><\/div><\/div><div id='after_full_slider_1'  class='main_color av_default_container_wrap container_wrap sidebar_right'  ><div class='container av-section-cont-open' ><div class='template-page content  av-content-small alpha units'><div class='post-entry post-entry-type-page post-entry-2016'><div class='entry-content-wrapper clearfix'>\n\n<style type=\"text\/css\" data-created_by=\"avia_inline_auto\" id=\"style-css-av-79f1-1280664b05e2eaf6fd9346541c87cb15\">\n.flex_column.av-79f1-1280664b05e2eaf6fd9346541c87cb15{\nborder-radius:0px 0px 0px 0px;\npadding:0px 0px 0px 0px;\n}\n<\/style>\n<div  class='flex_column av-79f1-1280664b05e2eaf6fd9346541c87cb15 av_one_full  avia-builder-el-1  el_after_av_slideshow_full  el_before_av_one_full  avia-builder-el-first  first flex_column_div av-zero-column-padding  '     ><style type=\"text\/css\" data-created_by=\"avia_inline_auto\" id=\"style-css-av-k52kk5th-d39c4475e6987f48f2da1c7d5ede70f1\">\n#top .av-special-heading.av-k52kk5th-d39c4475e6987f48f2da1c7d5ede70f1{\nmargin:0 0 -5px 0;\npadding-bottom:0;\n}\nbody .av-special-heading.av-k52kk5th-d39c4475e6987f48f2da1c7d5ede70f1 .av-special-heading-tag .heading-char{\nfont-size:25px;\n}\n.av-special-heading.av-k52kk5th-d39c4475e6987f48f2da1c7d5ede70f1 .av-subheading{\nfont-size:15px;\n}\n<\/style>\n<div  class='av-special-heading av-k52kk5th-d39c4475e6987f48f2da1c7d5ede70f1 av-special-heading-h1  avia-builder-el-2  avia-builder-el-no-sibling '><h1 class='av-special-heading-tag'  itemprop=\"headline\"  >Elokuu 1944<\/h1><div class=\"special-heading-border\"><div class=\"special-heading-inner-border\"><\/div><\/div><\/div><\/div>\n\n<style type=\"text\/css\" data-created_by=\"avia_inline_auto\" id=\"style-css-av-4k1r-3ed26eaf4f9e1fe5afee569a008105ec\">\n.flex_column.av-4k1r-3ed26eaf4f9e1fe5afee569a008105ec{\nborder-radius:0px 0px 0px 0px;\npadding:0px 0px 10px 10px;\n}\n<\/style>\n<div  class='flex_column av-4k1r-3ed26eaf4f9e1fe5afee569a008105ec av_one_full  avia-builder-el-3  el_after_av_one_full  el_before_av_one_half  first flex_column_div  column-top-margin'     ><p>\n<style type=\"text\/css\" data-created_by=\"avia_inline_auto\" id=\"style-css-av-3o2n-f8ecf9facd2b0c750a152e7b87905b4d\">\n#top .av_textblock_section.av-3o2n-f8ecf9facd2b0c750a152e7b87905b4d .avia_textblock{\nfont-size:15px;\n}\n<\/style>\n<section  class='av_textblock_section av-3o2n-f8ecf9facd2b0c750a152e7b87905b4d '   itemscope=\"itemscope\" itemtype=\"https:\/\/schema.org\/CreativeWork\" ><div class='avia_textblock'  itemprop=\"text\" ><p><strong>Elokuu 1944: Ryhm\u00e4 Raappana ly\u00f6 vihollisen Ilomantsissa 31.7.\u20139.8. k\u00e4ydyiss\u00e4 taisteluissa. Aselepo Suomen ja Neuvostoliiton v\u00e4lill\u00e4 astuu voimaan 4.\/5.9.\u00a0<\/strong><\/p>\n<\/div><\/section><br \/>\n\n<style type=\"text\/css\" data-created_by=\"avia_inline_auto\" id=\"style-css-av-kfcain3p-1b7cbde5761bd04532a7977148d65f55\">\n#top .av-special-heading.av-kfcain3p-1b7cbde5761bd04532a7977148d65f55{\nmargin:0 0 10px 0;\npadding-bottom:10px;\n}\nbody .av-special-heading.av-kfcain3p-1b7cbde5761bd04532a7977148d65f55 .av-special-heading-tag .heading-char{\nfont-size:25px;\n}\n.av-special-heading.av-kfcain3p-1b7cbde5761bd04532a7977148d65f55 .av-subheading{\nfont-size:15px;\n}\n<\/style>\n<div  class='av-special-heading av-kfcain3p-1b7cbde5761bd04532a7977148d65f55 av-special-heading-h2  avia-builder-el-5  el_after_av_textblock  el_before_av_textblock '><h2 class='av-special-heading-tag'  itemprop=\"headline\"  >MENEHTYNEET KADETTIUPSEERIT JA KADETIT<\/h2><div class=\"special-heading-border\"><div class=\"special-heading-inner-border\"><\/div><\/div><\/div><br \/>\n\n<style type=\"text\/css\" data-created_by=\"avia_inline_auto\" id=\"style-css-av-3o2n-f8ecf9facd2b0c750a152e7b87905b4d\">\n#top .av_textblock_section.av-3o2n-f8ecf9facd2b0c750a152e7b87905b4d .avia_textblock{\nfont-size:15px;\n}\n<\/style>\n<section  class='av_textblock_section av-3o2n-f8ecf9facd2b0c750a152e7b87905b4d '   itemscope=\"itemscope\" itemtype=\"https:\/\/schema.org\/CreativeWork\" ><div class='avia_textblock'  itemprop=\"text\" ><p><img loading=\"lazy\" decoding=\"async\" class=\"wp-image-2210 alignright\" src=\"https:\/\/joukkosieessa.fi\/wp-content\/uploads\/2020\/01\/Kautola_Eero-244x300.jpg\" alt=\"\" width=\"118\" height=\"145\" srcset=\"https:\/\/joukkosieessa.fi\/wp-content\/uploads\/2020\/01\/Kautola_Eero-244x300.jpg 244w, https:\/\/joukkosieessa.fi\/wp-content\/uploads\/2020\/01\/Kautola_Eero-768x945.jpg 768w, https:\/\/joukkosieessa.fi\/wp-content\/uploads\/2020\/01\/Kautola_Eero-837x1030.jpg 837w, https:\/\/joukkosieessa.fi\/wp-content\/uploads\/2020\/01\/Kautola_Eero-1219x1500.jpg 1219w, https:\/\/joukkosieessa.fi\/wp-content\/uploads\/2020\/01\/Kautola_Eero-573x705.jpg 573w, https:\/\/joukkosieessa.fi\/wp-content\/uploads\/2020\/01\/Kautola_Eero-450x554.jpg 450w, https:\/\/joukkosieessa.fi\/wp-content\/uploads\/2020\/01\/Kautola_Eero.jpg 1660w\" sizes=\"auto, (max-width: 118px) 100vw, 118px\" \/><\/p>\n<h4><strong>514. Kapteeni Eero Kautola, 18.kadk, 1235<\/strong><\/h4>\n<ul>\n<li><strong>Komppanian p\u00e4\u00e4llikk\u00f6, 19.TykK (11.D\/V AK\/KaJoKE)<\/strong><\/li>\n<li><strong>Haavoittui Juustila, Viipurin mlk 1.8.1944, kuoli Helsingin invalidisairaala 6.3.1945<\/strong><\/li>\n<\/ul>\n<p>Tykkikomppania alistettiin Jalkav\u00e4kirykmentti 30:lle Juustilassa 27.7.44. Kapteeni Kautola, joka oli ottanut komppanian p\u00e4\u00e4llikkyyden kaksi p\u00e4iv\u00e4\u00e4\u00a0aikaisemmin, haavoittui 1.8. kello 0130 vaikeasti vihollisen tykist\u00f6keskityksess\u00e4 Juustilan sillan luona ollessaan maastontiedustelussa. Kautola kuoli haavoihinsa 6.3.45.<\/p>\n<p>Kautola ylennettiin majuriksi sairaalassa ollessaan 15.10.44 Ylip\u00e4\u00e4llik\u00f6n p\u00e4iv\u00e4k\u00e4skyll\u00e4 135\/44.<\/p>\n<hr \/>\n<p><img loading=\"lazy\" decoding=\"async\" class=\"wp-image-2211 alignright\" src=\"https:\/\/joukkosieessa.fi\/wp-content\/uploads\/2020\/01\/Wahren_Michael-251x300.jpg\" alt=\"\" width=\"118\" height=\"141\" srcset=\"https:\/\/joukkosieessa.fi\/wp-content\/uploads\/2020\/01\/Wahren_Michael-251x300.jpg 251w, https:\/\/joukkosieessa.fi\/wp-content\/uploads\/2020\/01\/Wahren_Michael-768x919.jpg 768w, https:\/\/joukkosieessa.fi\/wp-content\/uploads\/2020\/01\/Wahren_Michael-861x1030.jpg 861w, https:\/\/joukkosieessa.fi\/wp-content\/uploads\/2020\/01\/Wahren_Michael-1253x1500.jpg 1253w, https:\/\/joukkosieessa.fi\/wp-content\/uploads\/2020\/01\/Wahren_Michael-589x705.jpg 589w, https:\/\/joukkosieessa.fi\/wp-content\/uploads\/2020\/01\/Wahren_Michael-450x539.jpg 450w, https:\/\/joukkosieessa.fi\/wp-content\/uploads\/2020\/01\/Wahren_Michael.jpg 1652w\" sizes=\"auto, (max-width: 118px) 100vw, 118px\" \/><\/p>\n<h4><strong>515. Kadetti, reservin luutnantti Michael Wahren, 27.kadk, 2909<\/strong><\/h4>\n<ul>\n<li><strong>Joukkueen johtaja, 3.Esk\/HRR\/RvPr (Ryhm\u00e4 Raappana\/II AK)<\/strong><\/li>\n<li><strong>Kaatui Lehmivaara, Ilajanj\u00e4rvi, Ilomantsi 2.8.1944<\/strong><\/li>\n<\/ul>\n<p>Osana Osasto Raappanan hy\u00f6kk\u00e4yst\u00e4 Ilomantsin suuntaan etenev\u00e4n vihollisen ly\u00f6miseksi J\u00e4\u00e4k\u00e4ripataljoona 1 vahvennettuna H\u00e4meen Ratsurykmentin 3.\u00a0eskadroonalla eteni Ilajanj\u00e4rvelt\u00e4 it\u00e4\u00e4n. Pataljoona katkaisi 2.8.44 kello 0300 vihollisen Lehmivaara \u2013 Louhij\u00e4rvi huoltotien n. 800 etel\u00e4\u00e4n Lehmivaarasta. Eskadroona j\u00e4i tielle varmistamaan pohjoiseen pataljoonan hy\u00f6k\u00e4tess\u00e4 etel\u00e4\u00e4n. Vihollisen yritt\u00e4ess\u00e4 aamulla avata tien eskadroonan joukkueen johtaja, kadetti Wahren, kaatui.<\/p>\n<hr \/>\n<p><img loading=\"lazy\" decoding=\"async\" class=\"wp-image-2578 alignright\" src=\"https:\/\/joukkosieessa.fi\/wp-content\/uploads\/2020\/01\/Palkama-Karl-G%C3%B6sta-Ivar-130602-223x300.jpg\" alt=\"\" width=\"118\" height=\"159\" \/><\/p>\n<h4><strong>516. Yleisesikuntaeverstiluutnantti G\u00f6sta Palkama, 8.kadk, 488<\/strong><\/h4>\n<ul>\n<li><strong>Esikuntap\u00e4\u00e4llikk\u00f6, DE (6.D\/IV AK\/KaJoKE)<\/strong><\/li>\n<li><strong>Kaatui Py\u00f6r\u00e4kangas, Ihantala, Viipurin mlk 5.8.1944<\/strong><\/li>\n<\/ul>\n<p>Kenraalimajuri Vihma ja everstiluutnantti Palkama seurueineen olivat 5.8.44 illalla Ihantalan kyl\u00e4n luoteispuolella seuraamassa 6. Divisioonan osista\u00a0kootun iskuosaston hy\u00f6kk\u00e4yst\u00e4. Seurue oli siirtym\u00e4ss\u00e4 etulinjan tulenjohtopaikkaan, kun se joutui kello 1942 tykist\u00f6keskitykseen polulla noin 200 metri\u00e4 pisteest\u00e4 33 pohjoiseen. Polulla k\u00e4velleen Vihman ja Palkaman edess\u00e4 r\u00e4j\u00e4hti kranaatti, jolloin Palkama kuoli v\u00e4litt\u00f6m\u00e4sti.<\/p>\n<hr \/>\n<p><img loading=\"lazy\" decoding=\"async\" class=\"wp-image-2213 alignright\" src=\"https:\/\/joukkosieessa.fi\/wp-content\/uploads\/2020\/01\/Virtanen_Eero-250x300.jpg\" alt=\"\" width=\"118\" height=\"142\" srcset=\"https:\/\/joukkosieessa.fi\/wp-content\/uploads\/2020\/01\/Virtanen_Eero-250x300.jpg 250w, https:\/\/joukkosieessa.fi\/wp-content\/uploads\/2020\/01\/Virtanen_Eero-768x923.jpg 768w, https:\/\/joukkosieessa.fi\/wp-content\/uploads\/2020\/01\/Virtanen_Eero-857x1030.jpg 857w, https:\/\/joukkosieessa.fi\/wp-content\/uploads\/2020\/01\/Virtanen_Eero-1248x1500.jpg 1248w, https:\/\/joukkosieessa.fi\/wp-content\/uploads\/2020\/01\/Virtanen_Eero-586x705.jpg 586w, https:\/\/joukkosieessa.fi\/wp-content\/uploads\/2020\/01\/Virtanen_Eero-450x541.jpg 450w, https:\/\/joukkosieessa.fi\/wp-content\/uploads\/2020\/01\/Virtanen_Eero.jpg 1529w\" sizes=\"auto, (max-width: 118px) 100vw, 118px\" \/><\/p>\n<h4><strong>517. Luutnantti Eero Virtanen, 26.kadk, 2674<\/strong><\/h4>\n<ul>\n<li><strong>Joukkueen johtaja, 1.K\/PionP31 (15.D\/III AK\/KaJoKE)<\/strong><\/li>\n<li><strong>Haavoittui vahingonlaukauksesta Vuosalmi, \u00c4yr\u00e4p\u00e4\u00e4 11.8.1944, kuoli 40.KS 12.8.1944<\/strong><\/li>\n<\/ul>\n<p>Luutnantti Virtanen haavoittui 11.8.44 kello 2145 vatsaan vahingossa lauenneen konepistoolin luodeista. Virtanen kuoli kentt\u00e4sairaalassa\u00a0leikkausp\u00f6yd\u00e4lle 12.8. kello 0045.<\/p>\n<hr \/>\n<p><img loading=\"lazy\" decoding=\"async\" class=\"wp-image-2214 alignright\" src=\"https:\/\/joukkosieessa.fi\/wp-content\/uploads\/2020\/01\/H%C3%A4nninen_Seppo-239x300.jpg\" alt=\"\" width=\"118\" height=\"148\" \/><\/p>\n<h4><strong>518. Luutnantti Seppo H\u00e4nninen, 26.kadk, 2428<\/strong><\/h4>\n<ul>\n<li><strong>Komppanian p\u00e4\u00e4llikk\u00f6, 9.K\/III\/JR10 (14.D)<\/strong><\/li>\n<li><strong>Kaatui Tervaj\u00e4rvi, Ontrosenvaara, Rukaj\u00e4rvi 16.8.1944<\/strong><\/li>\n<\/ul>\n<p>Vihollinen kiersi elokuun -44 alussa vahvoilla voimilla 14. Divisioonan pohjoisen kentt\u00e4vartiosivustan saaden sillanp\u00e4\u00e4n Tsirkka-Kemijoen l\u00e4nsipuolella.\u00a0Vihollisen ly\u00f6miseksi Osasto Murole, johon Jalkav\u00e4kirykmentti 10:n III Pataljoona liitettiin, suunnattiin tiett\u00f6m\u00e4n maaston l\u00e4pi sen selustaan. Luutnantti H\u00e4nninen oli haavoittunut liev\u00e4sti 10.8., mutta palasi takaisin yksikk\u00f6\u00f6ns\u00e4 15.8. (joidenkin l\u00e4hteiden mukaan poistuttuaan luvattomasti kentt\u00e4sairaalasta) johtaakseen seuraavana aamuna alkanutta hy\u00f6kk\u00e4yst\u00e4.<\/p>\n<p>Pataljoonan edetty\u00e4 Hiisj\u00e4rven ja Tervaj\u00e4rven v\u00e4liselle kannakselle se t\u00f6rm\u00e4si vihollisen asemiin Motti-kukkulalla, jolloin H\u00e4nnisen komppania sai teht\u00e4v\u00e4n vallata kukkulan. Puoliltap\u00e4ivin alkanut hy\u00f6kk\u00e4ys pys\u00e4htyi vihollisen kiivaaseen vastarintaan ja komppania joutui vet\u00e4ytym\u00e4\u00e4n takaisin, H\u00e4nnisen kaatuessa hy\u00f6kk\u00e4yksen aikana pikakiv\u00e4\u00e4ri- tai konekiv\u00e4\u00e4risarjasta rintaan. H\u00e4nen ruumistaan ei vihollisen tulen takia voitu noutaa pois, vaan se j\u00e4i kent\u00e4lle, josta se l\u00f6ydettiin vasta vuonna 2012.<\/p>\n<hr \/>\n<h4><\/h4>\n<div id=\"attachment_3837\" style=\"width: 542px\" class=\"wp-caption aligncenter\"><img loading=\"lazy\" decoding=\"async\" aria-describedby=\"caption-attachment-3837\" class=\"wp-image-3837\" src=\"https:\/\/joukkosieessa.fi\/wp-content\/uploads\/2020\/03\/Jatkosota24-1-300x209.jpg\" alt=\"\" width=\"532\" height=\"371\" srcset=\"https:\/\/joukkosieessa.fi\/wp-content\/uploads\/2020\/03\/Jatkosota24-1-300x209.jpg 300w, https:\/\/joukkosieessa.fi\/wp-content\/uploads\/2020\/03\/Jatkosota24-1-1030x718.jpg 1030w, https:\/\/joukkosieessa.fi\/wp-content\/uploads\/2020\/03\/Jatkosota24-1-768x535.jpg 768w, https:\/\/joukkosieessa.fi\/wp-content\/uploads\/2020\/03\/Jatkosota24-1-1536x1071.jpg 1536w, https:\/\/joukkosieessa.fi\/wp-content\/uploads\/2020\/03\/Jatkosota24-1-2048x1428.jpg 2048w, https:\/\/joukkosieessa.fi\/wp-content\/uploads\/2020\/03\/Jatkosota24-1-1500x1046.jpg 1500w, https:\/\/joukkosieessa.fi\/wp-content\/uploads\/2020\/03\/Jatkosota24-1-705x491.jpg 705w, https:\/\/joukkosieessa.fi\/wp-content\/uploads\/2020\/03\/Jatkosota24-1-450x314.jpg 450w\" sizes=\"auto, (max-width: 532px) 100vw, 532px\" \/><p id=\"caption-attachment-3837\" class=\"wp-caption-text\">Jalkav\u00e4ke\u00e4 matkalla hy\u00f6kk\u00e4ysvalmiusasemiin Kemin etel\u00e4puolelle 7.10 kello 10.00. Kemi 7.10.1944<\/p><\/div>\n<p><strong>15. Prikaatin joukkoja Kemin etel\u00e4puolella 7.10.1944 kello 1000 matkalla hy\u00f6kk\u00e4ysvalmiusasemiin. Kolme tuntia my\u00f6hemmin, hy\u00f6kk\u00e4yksen edetty\u00e4 Kemin hautausmaan tasalla, prikaatin 3. komppanian p\u00e4\u00e4llikk\u00f6, kapteeni Tauno Silventoinen (23.kadk) kaatui tykist\u00f6keskityksess\u00e4<\/strong><a href=\"#_ednref1\" name=\"_edn1\"><\/a><\/p>\n<\/div><\/section><br \/>\n\n<style type=\"text\/css\" data-created_by=\"avia_inline_auto\" id=\"style-css-av-av_heading-5499b5c920e3bd77c1b5b84f0a9a30a8\">\n#top .av-special-heading.av-av_heading-5499b5c920e3bd77c1b5b84f0a9a30a8{\nmargin:0 0 10px 0;\npadding-bottom:10px;\n}\nbody .av-special-heading.av-av_heading-5499b5c920e3bd77c1b5b84f0a9a30a8 .av-special-heading-tag .heading-char{\nfont-size:25px;\n}\n.av-special-heading.av-av_heading-5499b5c920e3bd77c1b5b84f0a9a30a8 .av-subheading{\nfont-size:15px;\n}\n<\/style>\n<div  class='av-special-heading av-av_heading-5499b5c920e3bd77c1b5b84f0a9a30a8 av-special-heading-h2  avia-builder-el-7  el_after_av_textblock  el_before_av_textblock '><h2 class='av-special-heading-tag'  itemprop=\"headline\"  >L\u00e4hteet<\/h2><div class=\"special-heading-border\"><div class=\"special-heading-inner-border\"><\/div><\/div><\/div><br \/>\n<section  class='av_textblock_section av-k7ntutcc-01bd014f47ee94a1491171ebc341d39b '   itemscope=\"itemscope\" itemtype=\"https:\/\/schema.org\/CreativeWork\" ><div class='avia_textblock'  itemprop=\"text\" ><p>L\u00e4hteet esitetty kirjassa ja sen s\u00e4hk\u00f6isess\u00e4 versiossa (PDF) joka on ladattavissa Kadettikunnan ja t\u00e4m\u00e4n sivuston verkkosivuilta.<\/p>\n<\/div><\/section><br \/>\n\n<style type=\"text\/css\" data-created_by=\"avia_inline_auto\" id=\"style-css-av-k47j6vg7-d3fd1f40b5858f4982ee5b8d5d9dc574\">\n#top .avia_search_element.av-k47j6vg7-d3fd1f40b5858f4982ee5b8d5d9dc574 .av_searchform_wrapper{\nborder-radius:0px 0px 0px 0px;\n}\n#top .avia_search_element.av-k47j6vg7-d3fd1f40b5858f4982ee5b8d5d9dc574 #s.av-input-field{\nborder-radius:0px 0px 0px 0px;\n}\n#top .avia_search_element.av-k47j6vg7-d3fd1f40b5858f4982ee5b8d5d9dc574 .av_searchsubmit_wrapper{\nborder-radius:0px 0px 0px 0px;\n}\n#top .avia_search_element.av-k47j6vg7-d3fd1f40b5858f4982ee5b8d5d9dc574 #searchsubmit{\nborder-radius:0px 0px 0px 0px;\n}\n.ajax_search_response.av-k47j6vg7-d3fd1f40b5858f4982ee5b8d5d9dc574{\npadding:0px 0px 0px 0px;\nmargin:0px 0px 0px 0px;\n}\n<\/style>\n<div  class='avia_search_element av-k47j6vg7-d3fd1f40b5858f4982ee5b8d5d9dc574  avia-builder-el-9  el_after_av_textblock  avia-builder-el-last '><form action='https:\/\/joukkosieessa.fi\/' id='searchform_element' method='get' class='' data-element_id='av-k47j6vg7-d3fd1f40b5858f4982ee5b8d5d9dc574' ><div class='av_searchform_wrapper'><input type='text' value='' id='s' name='s' placeholder='Haku artikkeleista...' class='av-input-field av-input-hasicon' \/><span class='av-input-field-icon av-search-icon avia-font-entypo-fontello'>\ue803<\/span><div class='av_searchsubmit_wrapper '><input type='submit' value='HAE' id='searchsubmit' class='button ' \/><\/div><input type='hidden' name='numberposts' value='5' \/><input type='hidden' name='post_type' value='post' \/><input type='hidden' name='results_hide_fields' value='' \/><\/div><\/form><\/div><\/p><\/div>\n<style type=\"text\/css\" data-created_by=\"avia_inline_auto\" id=\"style-css-av-3pw7sg-6c1d5f243a719261cef97486d0caf357\">\n.flex_column.av-3pw7sg-6c1d5f243a719261cef97486d0caf357{\nborder-radius:0px 0px 0px 0px;\npadding:0px 0px 0px 0px;\n}\n<\/style>\n<div  class='flex_column av-3pw7sg-6c1d5f243a719261cef97486d0caf357 av_one_half  avia-builder-el-10  el_after_av_one_full  el_before_av_one_half  first flex_column_div av-zero-column-padding  column-top-margin'     ><div  class='avia-button-wrap av-k7nsakka-c677400d5e99962b63f0bac4b5b59fa7-wrap avia-button-left  avia-builder-el-11  avia-builder-el-no-sibling '><a href='https:\/\/joukkosieessa.fi\/index.php\/sodan-aika\/jatkosota\/suurhyokkays\/heinakuu-1944\/'  class='avia-button av-k7nsakka-c677400d5e99962b63f0bac4b5b59fa7 avia-icon_select-no avia-size-small avia-position-left avia-color-theme-color-highlight'  ><span class='avia_iconbox_title' >Hein\u00e4kuu 1944<\/span><\/a><\/div><\/div><\/p>\n\n<style type=\"text\/css\" data-created_by=\"avia_inline_auto\" id=\"style-css-av-2l3dpc-780f7d7689cf2d10ec7e40d47c37d538\">\n.flex_column.av-2l3dpc-780f7d7689cf2d10ec7e40d47c37d538{\nborder-radius:0px 0px 0px 0px;\npadding:0px 0px 0px 0px;\n}\n<\/style>\n<div  class='flex_column av-2l3dpc-780f7d7689cf2d10ec7e40d47c37d538 av_one_half  avia-builder-el-12  el_after_av_one_half  avia-builder-el-last  flex_column_div av-zero-column-padding  column-top-margin'     ><div  class='avia-button-wrap av-k7nsb383-7d360a16370e8b83661a3178a1828d3a-wrap avia-button-right  avia-builder-el-13  avia-builder-el-no-sibling '><a href='https:\/\/joukkosieessa.fi\/index.php\/sodan-aika\/lapin-sota\/'  class='avia-button av-k7nsb383-7d360a16370e8b83661a3178a1828d3a avia-icon_select-no avia-size-small avia-position-right avia-color-theme-color-highlight'  ><span class='avia_iconbox_title' >Lapin sota<\/span><\/a><\/div><\/div>\n","protected":false},"excerpt":{"rendered":"","protected":false},"author":1,"featured_media":0,"parent":30,"menu_order":3,"comment_status":"closed","ping_status":"closed","template":"","meta":{"footnotes":""},"class_list":["post-2016","page","type-page","status-publish","hentry"],"_links":{"self":[{"href":"https:\/\/joukkosieessa.fi\/index.php\/wp-json\/wp\/v2\/pages\/2016","targetHints":{"allow":["GET"]}}],"collection":[{"href":"https:\/\/joukkosieessa.fi\/index.php\/wp-json\/wp\/v2\/pages"}],"about":[{"href":"https:\/\/joukkosieessa.fi\/index.php\/wp-json\/wp\/v2\/types\/page"}],"author":[{"embeddable":true,"href":"https:\/\/joukkosieessa.fi\/index.php\/wp-json\/wp\/v2\/users\/1"}],"replies":[{"embeddable":true,"href":"https:\/\/joukkosieessa.fi\/index.php\/wp-json\/wp\/v2\/comments?post=2016"}],"version-history":[{"count":12,"href":"https:\/\/joukkosieessa.fi\/index.php\/wp-json\/wp\/v2\/pages\/2016\/revisions"}],"predecessor-version":[{"id":3992,"href":"https:\/\/joukkosieessa.fi\/index.php\/wp-json\/wp\/v2\/pages\/2016\/revisions\/3992"}],"up":[{"embeddable":true,"href":"https:\/\/joukkosieessa.fi\/index.php\/wp-json\/wp\/v2\/pages\/30"}],"wp:attachment":[{"href":"https:\/\/joukkosieessa.fi\/index.php\/wp-json\/wp\/v2\/media?parent=2016"}],"curies":[{"name":"wp","href":"https:\/\/api.w.org\/{rel}","templated":true}]}}